
{"id":7981,"date":"2021-04-08T08:23:30","date_gmt":"2021-04-08T08:23:30","guid":{"rendered":"https:\/\/www.emilianobodega.com\/alojamiento\/"},"modified":"2021-10-20T14:45:18","modified_gmt":"2021-10-20T12:45:18","slug":"allotjament","status":"publish","type":"page","link":"https:\/\/www.emilianobodega.com\/ca\/allotjament\/","title":{"rendered":"Barracart"},"content":{"rendered":"<p><div class=\"fusion-fullwidth fullwidth-box fusion-builder-row-1 fusion-flex-container nonhundred-percent-fullwidth non-hundred-percent-height-scrolling\" style=\"background-color: rgba(255,255,255,0);background-position: center center;background-repeat: no-repeat;border-width: 0px 0px 0px 0px;border-color:#e2e2e2;border-style:solid;\" ><div class=\"fusion-builder-row fusion-row fusion-flex-align-items-flex-start\" style=\"max-width:875.68px;margin-left: calc(-4% \/ 2 );margin-right: calc(-4% \/ 2 );\"><div class=\"fusion-layout-column fusion_builder_column fusion-builder-column-0 fusion_builder_column_1_1 1_1 fusion-flex-column\"><div class=\"fusion-column-wrapper fusion-flex-justify-content-flex-start fusion-content-layout-column\" style=\"background-position:left top;background-repeat:no-repeat;-webkit-background-size:cover;-moz-background-size:cover;-o-background-size:cover;background-size:cover;padding: 0px 0px 0px 0px;\"><div class=\"fusion-text fusion-text-1\"><p>El Cabanyal-Canyamelar, un dels poblats mar\u00edtims m\u00e9s singulars d&#8217;Europa, \u00e9s un antic barri de pescadors que encara conserva l&#8217;ess\u00e8ncia als seus carrers.<\/p>\n<p>La Taverna Casa Monta\u00f1a, amb la il\u00b7lusi\u00f3 de diverses generacions des de 1836, s&#8217;ha convertit en un dels seus s\u00edmbols, la qual cosa ens ha motivat per a una nova aventura: \u2018Apartaments Barracart\u2019, set estudis de disseny en un edifici singular i tradicional del barri, dotat de les \u00faltimes tecnologies.<\/p>\n<p>Us esperem a la nostra \u201ccasa\u201d per a gaudir de l&#8217;hospitalitat mediterr\u00e0nia, en els teus viatges de negocis i d&#8217;oci.<\/p>\n<\/div><\/div><style type=\"text\/css\">.fusion-body .fusion-builder-column-0{width:100% !important;margin-top : 0px;margin-bottom : 20px;}.fusion-builder-column-0 > .fusion-column-wrapper {padding-top : 0px !important;padding-right : 0px !important;margin-right : 1.92%;padding-bottom : 0px !important;padding-left : 0px !important;margin-left : 1.92%;}@media only screen and (max-width:1024px) {.fusion-body .fusion-builder-column-0{width:100% !important;order : 0;}.fusion-builder-column-0 > .fusion-column-wrapper {margin-right : 1.92%;margin-left : 1.92%;}}@media only screen and (max-width:640px) {.fusion-body .fusion-builder-column-0{width:100% !important;order : 0;}.fusion-builder-column-0 > .fusion-column-wrapper {margin-right : 1.92%;margin-left : 1.92%;}}<\/style><\/div><div class=\"fusion-layout-column fusion_builder_column fusion-builder-column-1 fusion_builder_column_1_1 1_1 fusion-flex-column\"><div class=\"fusion-column-wrapper fusion-flex-justify-content-flex-start fusion-content-layout-column\" style=\"background-position:left top;background-repeat:no-repeat;-webkit-background-size:cover;-moz-background-size:cover;-o-background-size:cover;background-size:cover;padding: 0px 0px 0px 0px;\"><div style=\"text-align:center;\"><span class=\" fusion-imageframe imageframe-none imageframe-1 hover-type-none\"><img decoding=\"async\" width=\"2500\" height=\"1668\" title=\"4.1\" src=\"https:\/\/www.emilianobodega.com\/wp-content\/uploads\/2021\/04\/4.1.jpg\" class=\"img-responsive wp-image-365\" srcset=\"https:\/\/www.emilianobodega.com\/wp-content\/uploads\/2021\/04\/4.1-300x200.jpg 300w, https:\/\/www.emilianobodega.com\/wp-content\/uploads\/2021\/04\/4.1-500x334.jpg 500w, https:\/\/www.emilianobodega.com\/wp-content\/uploads\/2021\/04\/4.1-700x467.jpg 700w, https:\/\/www.emilianobodega.com\/wp-content\/uploads\/2021\/04\/4.1-768x512.jpg 768w, https:\/\/www.emilianobodega.com\/wp-content\/uploads\/2021\/04\/4.1-1024x683.jpg 1024w, https:\/\/www.emilianobodega.com\/wp-content\/uploads\/2021\/04\/4.1.jpg 2500w\" sizes=\"(max-width: 2500px) 100vw, 2500px\" \/><\/span><\/div><\/div><style type=\"text\/css\">.fusion-body .fusion-builder-column-1{width:100% !important;margin-top : 0px;margin-bottom : 20px;}.fusion-builder-column-1 > .fusion-column-wrapper {padding-top : 0px !important;padding-right : 0px !important;margin-right : 1.92%;padding-bottom : 0px !important;padding-left : 0px !important;margin-left : 1.92%;}@media only screen and (max-width:1024px) {.fusion-body .fusion-builder-column-1{width:100% !important;order : 0;}.fusion-builder-column-1 > .fusion-column-wrapper {margin-right : 1.92%;margin-left : 1.92%;}}@media only screen and (max-width:640px) {.fusion-body .fusion-builder-column-1{width:100% !important;order : 0;}.fusion-builder-column-1 > .fusion-column-wrapper {margin-right : 1.92%;margin-left : 1.92%;}}<\/style><\/div><\/div><style type=\"text\/css\">.fusion-body .fusion-flex-container.fusion-builder-row-1{ padding-top : 0px;margin-top : 0px;padding-right : 0px;padding-bottom : 0px;margin-bottom : 0px;padding-left : 0px;}<\/style><\/div><div class=\"fusion-fullwidth fullwidth-box fusion-builder-row-2 fusion-flex-container nonhundred-percent-fullwidth non-hundred-percent-height-scrolling\" style=\"background-color: rgba(255,255,255,0);background-position: center center;background-repeat: no-repeat;border-width: 0px 0px 0px 0px;border-color:#e2e2e2;border-style:solid;\" ><div class=\"fusion-builder-row fusion-row fusion-flex-align-items-flex-start\" style=\"max-width:875.68px;margin-left: calc(-4% \/ 2 );margin-right: calc(-4% \/ 2 );\"><div class=\"fusion-layout-column fusion_builder_column fusion-builder-column-2 fusion_builder_column_1_1 1_1 fusion-flex-column\"><div class=\"fusion-column-wrapper fusion-flex-justify-content-flex-start fusion-content-layout-column\" style=\"background-position:left top;background-repeat:no-repeat;-webkit-background-size:cover;-moz-background-size:cover;-o-background-size:cover;background-size:cover;padding: 0px 0px 0px 0px;\"><div style=\"text-align:center;\"><style type=\"text\/css\">.fusion-button.button-1 {border-radius:0px;}<\/style><a class=\"fusion-button button-flat fusion-button-default-size button-default button-1 fusion-button-default-span fusion-button-default-type boton-generico boton-barracart-alojamiento\" target=\"_blank\" rel=\"noopener noreferrer\" href=\"https:\/\/www.barracart.com\/\"><span class=\"fusion-button-text\">Barracart<\/span><\/a><\/div><\/div><style type=\"text\/css\">.fusion-body .fusion-builder-column-2{width:100% !important;margin-top : 0px;margin-bottom : 20px;}.fusion-builder-column-2 > .fusion-column-wrapper {padding-top : 0px !important;padding-right : 0px !important;margin-right : 1.92%;padding-bottom : 0px !important;padding-left : 0px !important;margin-left : 1.92%;}@media only screen and (max-width:1024px) {.fusion-body .fusion-builder-column-2{width:100% !important;order : 0;}.fusion-builder-column-2 > .fusion-column-wrapper {margin-right : 1.92%;margin-left : 1.92%;}}@media only screen and (max-width:640px) {.fusion-body .fusion-builder-column-2{width:100% !important;order : 0;}.fusion-builder-column-2 > .fusion-column-wrapper {margin-right : 1.92%;margin-left : 1.92%;}}<\/style><\/div><\/div><style type=\"text\/css\">.fusion-body .fusion-flex-container.fusion-builder-row-2{ padding-top : 0px;margin-top : 0px;padding-right : 0px;padding-bottom : 0px;margin-bottom : 0px;padding-left : 0px;}<\/style><\/div><\/p>\n","protected":false},"excerpt":{"rendered":"","protected":false},"author":36802,"featured_media":7982,"parent":0,"menu_order":0,"comment_status":"closed","ping_status":"closed","template":"","meta":{"footnotes":""},"class_list":["post-7981","page","type-page","status-publish","has-post-thumbnail","hentry"],"yoast_head":"<!-- This site is optimized with the Yoast SEO plugin v26.2 - https:\/\/yoast.com\/wordpress\/plugins\/seo\/ -->\n<title>Barracart - Casa Monta\u00f1a<\/title>\n<meta name=\"robots\" content=\"index, follow, max-snippet:-1, max-image-preview:large, max-video-preview:-1\" \/>\n<link rel=\"canonical\" href=\"https:\/\/www.emilianobodega.com\/ca\/allotjament\/\" \/>\n<meta property=\"og:locale\" content=\"ca_ES\" \/>\n<meta property=\"og:type\" content=\"article\" \/>\n<meta property=\"og:title\" content=\"Barracart - Casa Monta\u00f1a\" \/>\n<meta property=\"og:url\" content=\"https:\/\/www.emilianobodega.com\/ca\/allotjament\/\" \/>\n<meta property=\"og:site_name\" content=\"Casa Monta\u00f1a\" \/>\n<meta property=\"article:modified_time\" content=\"2021-10-20T12:45:18+00:00\" \/>\n<meta property=\"og:image\" content=\"https:\/\/www.emilianobodega.com\/wp-content\/uploads\/2021\/04\/C2.jpg\" \/>\n\t<meta property=\"og:image:width\" content=\"1920\" \/>\n\t<meta property=\"og:image:height\" content=\"1426\" \/>\n\t<meta property=\"og:image:type\" content=\"image\/jpeg\" \/>\n<meta name=\"twitter:card\" content=\"summary_large_image\" \/>\n<meta name=\"twitter:label1\" content=\"Temps estimat de lectura\" \/>\n\t<meta name=\"twitter:data1\" content=\"3 minuts\" \/>\n<script type=\"application\/ld+json\" class=\"yoast-schema-graph\">{\"@context\":\"https:\/\/schema.org\",\"@graph\":[{\"@type\":\"WebPage\",\"@id\":\"https:\/\/www.emilianobodega.com\/ca\/allotjament\/\",\"url\":\"https:\/\/www.emilianobodega.com\/ca\/allotjament\/\",\"name\":\"Barracart - Casa Monta\u00f1a\",\"isPartOf\":{\"@id\":\"https:\/\/www.emilianobodega.com\/ca\/#website\"},\"primaryImageOfPage\":{\"@id\":\"https:\/\/www.emilianobodega.com\/ca\/allotjament\/#primaryimage\"},\"image\":{\"@id\":\"https:\/\/www.emilianobodega.com\/ca\/allotjament\/#primaryimage\"},\"thumbnailUrl\":\"https:\/\/www.emilianobodega.com\/wp-content\/uploads\/2021\/04\/C2.jpg\",\"datePublished\":\"2021-04-08T08:23:30+00:00\",\"dateModified\":\"2021-10-20T12:45:18+00:00\",\"breadcrumb\":{\"@id\":\"https:\/\/www.emilianobodega.com\/ca\/allotjament\/#breadcrumb\"},\"inLanguage\":\"ca\",\"potentialAction\":[{\"@type\":\"ReadAction\",\"target\":[\"https:\/\/www.emilianobodega.com\/ca\/allotjament\/\"]}]},{\"@type\":\"ImageObject\",\"inLanguage\":\"ca\",\"@id\":\"https:\/\/www.emilianobodega.com\/ca\/allotjament\/#primaryimage\",\"url\":\"https:\/\/www.emilianobodega.com\/wp-content\/uploads\/2021\/04\/C2.jpg\",\"contentUrl\":\"https:\/\/www.emilianobodega.com\/wp-content\/uploads\/2021\/04\/C2.jpg\",\"width\":1920,\"height\":1426},{\"@type\":\"BreadcrumbList\",\"@id\":\"https:\/\/www.emilianobodega.com\/ca\/allotjament\/#breadcrumb\",\"itemListElement\":[{\"@type\":\"ListItem\",\"position\":1,\"name\":\"Home\",\"item\":\"https:\/\/www.emilianobodega.com\/ca\/\"},{\"@type\":\"ListItem\",\"position\":2,\"name\":\"Barracart\"}]},{\"@type\":\"WebSite\",\"@id\":\"https:\/\/www.emilianobodega.com\/ca\/#website\",\"url\":\"https:\/\/www.emilianobodega.com\/ca\/\",\"name\":\"Casa Monta\u00f1a\",\"description\":\"Emiliano Bodega Casa Monta\u00f1a en Valencia\",\"potentialAction\":[{\"@type\":\"SearchAction\",\"target\":{\"@type\":\"EntryPoint\",\"urlTemplate\":\"https:\/\/www.emilianobodega.com\/ca\/?s={search_term_string}\"},\"query-input\":{\"@type\":\"PropertyValueSpecification\",\"valueRequired\":true,\"valueName\":\"search_term_string\"}}],\"inLanguage\":\"ca\"}]}<\/script>\n<!-- \/ Yoast SEO plugin. -->","yoast_head_json":{"title":"Barracart - Casa Monta\u00f1a","robots":{"index":"index","follow":"follow","max-snippet":"max-snippet:-1","max-image-preview":"max-image-preview:large","max-video-preview":"max-video-preview:-1"},"canonical":"https:\/\/www.emilianobodega.com\/ca\/allotjament\/","og_locale":"ca_ES","og_type":"article","og_title":"Barracart - Casa Monta\u00f1a","og_url":"https:\/\/www.emilianobodega.com\/ca\/allotjament\/","og_site_name":"Casa Monta\u00f1a","article_modified_time":"2021-10-20T12:45:18+00:00","og_image":[{"width":1920,"height":1426,"url":"https:\/\/www.emilianobodega.com\/wp-content\/uploads\/2021\/04\/C2.jpg","type":"image\/jpeg"}],"twitter_card":"summary_large_image","twitter_misc":{"Temps estimat de lectura":"3 minuts"},"schema":{"@context":"https:\/\/schema.org","@graph":[{"@type":"WebPage","@id":"https:\/\/www.emilianobodega.com\/ca\/allotjament\/","url":"https:\/\/www.emilianobodega.com\/ca\/allotjament\/","name":"Barracart - Casa Monta\u00f1a","isPartOf":{"@id":"https:\/\/www.emilianobodega.com\/ca\/#website"},"primaryImageOfPage":{"@id":"https:\/\/www.emilianobodega.com\/ca\/allotjament\/#primaryimage"},"image":{"@id":"https:\/\/www.emilianobodega.com\/ca\/allotjament\/#primaryimage"},"thumbnailUrl":"https:\/\/www.emilianobodega.com\/wp-content\/uploads\/2021\/04\/C2.jpg","datePublished":"2021-04-08T08:23:30+00:00","dateModified":"2021-10-20T12:45:18+00:00","breadcrumb":{"@id":"https:\/\/www.emilianobodega.com\/ca\/allotjament\/#breadcrumb"},"inLanguage":"ca","potentialAction":[{"@type":"ReadAction","target":["https:\/\/www.emilianobodega.com\/ca\/allotjament\/"]}]},{"@type":"ImageObject","inLanguage":"ca","@id":"https:\/\/www.emilianobodega.com\/ca\/allotjament\/#primaryimage","url":"https:\/\/www.emilianobodega.com\/wp-content\/uploads\/2021\/04\/C2.jpg","contentUrl":"https:\/\/www.emilianobodega.com\/wp-content\/uploads\/2021\/04\/C2.jpg","width":1920,"height":1426},{"@type":"BreadcrumbList","@id":"https:\/\/www.emilianobodega.com\/ca\/allotjament\/#breadcrumb","itemListElement":[{"@type":"ListItem","position":1,"name":"Home","item":"https:\/\/www.emilianobodega.com\/ca\/"},{"@type":"ListItem","position":2,"name":"Barracart"}]},{"@type":"WebSite","@id":"https:\/\/www.emilianobodega.com\/ca\/#website","url":"https:\/\/www.emilianobodega.com\/ca\/","name":"Casa Monta\u00f1a","description":"Emiliano Bodega Casa Monta\u00f1a en Valencia","potentialAction":[{"@type":"SearchAction","target":{"@type":"EntryPoint","urlTemplate":"https:\/\/www.emilianobodega.com\/ca\/?s={search_term_string}"},"query-input":{"@type":"PropertyValueSpecification","valueRequired":true,"valueName":"search_term_string"}}],"inLanguage":"ca"}]}},"_links":{"self":[{"href":"https:\/\/www.emilianobodega.com\/ca\/wp-json\/wp\/v2\/pages\/7981","targetHints":{"allow":["GET"]}}],"collection":[{"href":"https:\/\/www.emilianobodega.com\/ca\/wp-json\/wp\/v2\/pages"}],"about":[{"href":"https:\/\/www.emilianobodega.com\/ca\/wp-json\/wp\/v2\/types\/page"}],"author":[{"embeddable":true,"href":"https:\/\/www.emilianobodega.com\/ca\/wp-json\/wp\/v2\/users\/36802"}],"replies":[{"embeddable":true,"href":"https:\/\/www.emilianobodega.com\/ca\/wp-json\/wp\/v2\/comments?post=7981"}],"version-history":[{"count":2,"href":"https:\/\/www.emilianobodega.com\/ca\/wp-json\/wp\/v2\/pages\/7981\/revisions"}],"predecessor-version":[{"id":8043,"href":"https:\/\/www.emilianobodega.com\/ca\/wp-json\/wp\/v2\/pages\/7981\/revisions\/8043"}],"wp:featuredmedia":[{"embeddable":true,"href":"https:\/\/www.emilianobodega.com\/ca\/wp-json\/wp\/v2\/media\/7982"}],"wp:attachment":[{"href":"https:\/\/www.emilianobodega.com\/ca\/wp-json\/wp\/v2\/media?parent=7981"}],"curies":[{"name":"wp","href":"https:\/\/api.w.org\/{rel}","templated":true}]}}