
{"id":7985,"date":"2021-04-08T08:24:04","date_gmt":"2021-04-08T08:24:04","guid":{"rendered":"https:\/\/www.emilianobodega.com\/carta\/"},"modified":"2024-11-08T14:16:54","modified_gmt":"2024-11-08T13:16:54","slug":"carta","status":"publish","type":"page","link":"https:\/\/www.emilianobodega.com\/ca\/carta\/","title":{"rendered":"Carta"},"content":{"rendered":"<p><div class=\"fusion-fullwidth fullwidth-box fusion-builder-row-1 fusion-flex-container nonhundred-percent-fullwidth non-hundred-percent-height-scrolling\" style=\"background-color: rgba(255,255,255,0);background-position: center center;background-repeat: no-repeat;border-width: 0px 0px 0px 0px;border-color:#e2e2e2;border-style:solid;\" id=\"popup_prod_estacionales\" ><div class=\"fusion-builder-row fusion-row fusion-flex-align-items-flex-start\" style=\"max-width:875.68px;margin-left: calc(-4% \/ 2 );margin-right: calc(-4% \/ 2 );\"><div class=\"fusion-layout-column fusion_builder_column fusion-builder-column-0 fusion_builder_column_1_1 1_1 fusion-flex-column inner-box-popup_prod_est\"><div class=\"fusion-column-wrapper fusion-flex-justify-content-flex-start fusion-content-layout-column\" style=\"background-position:left top;background-repeat:no-repeat;-webkit-background-size:cover;-moz-background-size:cover;-o-background-size:cover;background-size:cover;padding: 0px 0px 0px 0px;\"><div style=\"text-align:center;\"><span class=\" fusion-imageframe imageframe-none imageframe-1 hover-type-none\"><img decoding=\"async\" width=\"150\" height=\"150\" title=\"logo-pequeno-150&#215;150\" src=\"https:\/\/www.emilianobodega.com\/wp-content\/uploads\/2023\/06\/logo-pequeno-150x150-1.png\" class=\"img-responsive wp-image-38195\"\/><\/span><\/div><style type=\"text\/css\">@media only screen and (max-width:1024px) {.fusion-title.fusion-title-1{margin-top:10px!important; margin-right:0px!important;margin-bottom:15px!important;margin-left:0px!important;}}@media only screen and (max-width:640px) {.fusion-title.fusion-title-1{margin-top:10px!important; margin-right:0px!important;margin-bottom:10px!important; margin-left:0px!important;}}<\/style><div class=\"fusion-title title fusion-title-1 fusion-title-center fusion-title-text fusion-title-size-three\" style=\"margin-top:10px;margin-right:0px;margin-bottom:15px;margin-left:0px;\"><div class=\"title-sep-container title-sep-container-left\"><div class=\"title-sep sep-double sep-solid\" style=\"border-color:#e2e2e2;\"><\/div><\/div><h3 class=\"title-heading-center\" style=\"margin:0;\">Treballem amb productes de temporada i de proximitat, per la qual cosa la nostra carta varia en funci\u00f3 de l&#8217;estacionalitat dels ingredients que seleccionem.<\/h3><div class=\"title-sep-container title-sep-container-right\"><div class=\"title-sep sep-double sep-solid\" style=\"border-color:#e2e2e2;\"><\/div><\/div><\/div><div style=\"text-align:center;\"><style type=\"text\/css\">.fusion-button.button-1 {border-radius:0px;}<\/style><a class=\"fusion-button button-flat fusion-button-default-size button-default button-1 fusion-button-default-span fusion-button-default-type boton-carta-de-hoy\" target=\"_self\" href=\"https:\/\/app.scanmimenu.com\/local\/casa-montana\/?lang=val\"><span class=\"fusion-button-text\">CONSULTA LA NOSTRA CARTA D&#8217;AVUI<\/span><\/a><\/div><div style=\"text-align:center;\"><style type=\"text\/css\">.fusion-button.button-2 {border-radius:0px;}<\/style><a class=\"fusion-button button-flat fusion-button-default-size button-default button-2 fusion-button-default-span fusion-button-default-type boton-carta-anual\" target=\"_self\"><span class=\"fusion-button-text\">Consulta la nostra carta per la resta de l&#8217;any<\/span><\/a><\/div><\/div><style type=\"text\/css\">.fusion-body .fusion-builder-column-0{width:100% !important;margin-top : 0px;margin-bottom : 20px;}.fusion-builder-column-0 > .fusion-column-wrapper {padding-top : 0px !important;padding-right : 0px !important;margin-right : 1.92%;padding-bottom : 0px !important;padding-left : 0px !important;margin-left : 1.92%;}@media only screen and (max-width:1024px) {.fusion-body .fusion-builder-column-0{width:100% !important;order : 0;}.fusion-builder-column-0 > .fusion-column-wrapper {margin-right : 1.92%;margin-left : 1.92%;}}@media only screen and (max-width:640px) {.fusion-body .fusion-builder-column-0{width:100% !important;order : 0;}.fusion-builder-column-0 > .fusion-column-wrapper {margin-right : 1.92%;margin-left : 1.92%;}}<\/style><\/div><\/div><style type=\"text\/css\">.fusion-body .fusion-flex-container.fusion-builder-row-1{ padding-top : 0px;margin-top : 0px;padding-right : 0px;padding-bottom : 0px;margin-bottom : 0px;padding-left : 0px;}<\/style><\/div><div class=\"fusion-fullwidth fullwidth-box fusion-builder-row-2 fusion-flex-container carta-casamon nonhundred-percent-fullwidth non-hundred-percent-height-scrolling\" style=\"background-color: rgba(255,255,255,0);background-position: center center;background-repeat: no-repeat;border-width: 0px 0px 0px 0px;border-color:#e2e2e2;border-style:solid;\" ><div class=\"fusion-builder-row fusion-row fusion-flex-align-items-flex-start\" style=\"max-width:875.68px;margin-left: calc(-4% \/ 2 );margin-right: calc(-4% \/ 2 );\"><div class=\"fusion-layout-column fusion_builder_column fusion-builder-column-1 fusion_builder_column_1_5 1_5 fusion-flex-column\"><div class=\"fusion-column-wrapper fusion-flex-justify-content-flex-start fusion-content-layout-column\" style=\"background-position:left top;background-repeat:no-repeat;-webkit-background-size:cover;-moz-background-size:cover;-o-background-size:cover;background-size:cover;padding: 0px 0px 0px 0px;\"><\/div><style type=\"text\/css\">.fusion-body .fusion-builder-column-1{width:20% !important;margin-top : 0px;margin-bottom : 20px;}.fusion-builder-column-1 > .fusion-column-wrapper {padding-top : 0px !important;padding-right : 0px !important;margin-right : 9.6%;padding-bottom : 0px !important;padding-left : 0px !important;margin-left : 9.6%;}@media only screen and (max-width:1024px) {.fusion-body .fusion-builder-column-1{width:20% !important;order : 0;}.fusion-builder-column-1 > .fusion-column-wrapper {margin-right : 9.6%;margin-left : 9.6%;}}@media only screen and (max-width:640px) {.fusion-body .fusion-builder-column-1{width:100% !important;order : 0;}.fusion-builder-column-1 > .fusion-column-wrapper {margin-right : 1.92%;margin-left : 1.92%;}}<\/style><\/div><div class=\"fusion-layout-column fusion_builder_column fusion-builder-column-2 fusion_builder_column_3_5 3_5 fusion-flex-column\"><div class=\"fusion-column-wrapper fusion-flex-justify-content-flex-start fusion-content-layout-column\" style=\"background-position:left top;background-repeat:no-repeat;-webkit-background-size:cover;-moz-background-size:cover;-o-background-size:cover;background-size:cover;padding: 0px 0px 0px 0px;\"><div class=\"fusion-text fusion-text-1\"><p style=\"text-align: center;\"><b>Treballem amb producte de temporada i de proximitat, ra\u00f3 per la qual la nostra carta varia en funci\u00f3 de l&#8217;estacionalitat dels ingredients que seleccionem<\/b><\/p>\n<\/div><\/div><style type=\"text\/css\">.fusion-body .fusion-builder-column-2{width:60% !important;margin-top : 0px;margin-bottom : 20px;}.fusion-builder-column-2 > .fusion-column-wrapper {padding-top : 0px !important;padding-right : 0px !important;margin-right : 3.2%;padding-bottom : 0px !important;padding-left : 0px !important;margin-left : 3.2%;}@media only screen and (max-width:1024px) {.fusion-body .fusion-builder-column-2{width:60% !important;order : 0;}.fusion-builder-column-2 > .fusion-column-wrapper {margin-right : 3.2%;margin-left : 3.2%;}}@media only screen and (max-width:640px) {.fusion-body .fusion-builder-column-2{width:100% !important;order : 0;}.fusion-builder-column-2 > .fusion-column-wrapper {margin-right : 1.92%;margin-left : 1.92%;}}<\/style><\/div><div class=\"fusion-layout-column fusion_builder_column fusion-builder-column-3 fusion_builder_column_1_5 1_5 fusion-flex-column\"><div class=\"fusion-column-wrapper fusion-flex-justify-content-flex-start fusion-content-layout-column\" style=\"background-position:left top;background-repeat:no-repeat;-webkit-background-size:cover;-moz-background-size:cover;-o-background-size:cover;background-size:cover;padding: 0px 0px 0px 0px;\"><\/div><style type=\"text\/css\">.fusion-body .fusion-builder-column-3{width:20% !important;margin-top : 0px;margin-bottom : 20px;}.fusion-builder-column-3 > .fusion-column-wrapper {padding-top : 0px !important;padding-right : 0px !important;margin-right : 9.6%;padding-bottom : 0px !important;padding-left : 0px !important;margin-left : 9.6%;}@media only screen and (max-width:1024px) {.fusion-body .fusion-builder-column-3{width:20% !important;order : 0;}.fusion-builder-column-3 > .fusion-column-wrapper {margin-right : 9.6%;margin-left : 9.6%;}}@media only screen and (max-width:640px) {.fusion-body .fusion-builder-column-3{width:100% !important;order : 0;}.fusion-builder-column-3 > .fusion-column-wrapper {margin-right : 1.92%;margin-left : 1.92%;}}<\/style><\/div><div class=\"fusion-layout-column fusion_builder_column fusion-builder-column-4 fusion_builder_column_1_1 1_1 fusion-flex-column\"><div class=\"fusion-column-wrapper fusion-flex-justify-content-flex-start fusion-content-layout-column\" style=\"background-position:left top;background-repeat:no-repeat;-webkit-background-size:cover;-moz-background-size:cover;-o-background-size:cover;background-size:cover;padding: 0px 0px 0px 0px;\"><div class=\"fusion-text fusion-text-2\"><p style=\"text-align: center;\">Consulte la nostra <strong><a style=\"text-decoration: underline;\" href=\"https:\/\/app.mondemenu.com\/menus\/casamontana?lang=VAL\">Carta de Hui<\/a><\/strong><\/p>\n<\/div><\/div><style type=\"text\/css\">.fusion-body .fusion-builder-column-4{width:100% !important;margin-top : 0px;margin-bottom : 20px;}.fusion-builder-column-4 > .fusion-column-wrapper {padding-top : 0px !important;padding-right : 0px !important;margin-right : 1.92%;padding-bottom : 0px !important;padding-left : 0px !important;margin-left : 1.92%;}@media only screen and (max-width:1024px) {.fusion-body .fusion-builder-column-4{width:100% !important;order : 0;}.fusion-builder-column-4 > .fusion-column-wrapper {margin-right : 1.92%;margin-left : 1.92%;}}@media only screen and (max-width:640px) {.fusion-body .fusion-builder-column-4{width:100% !important;order : 0;}.fusion-builder-column-4 > .fusion-column-wrapper {margin-right : 1.92%;margin-left : 1.92%;}}<\/style><\/div><div class=\"fusion-layout-column fusion_builder_column fusion-builder-column-5 fusion_builder_column_1_1 1_1 fusion-flex-column oculto\"><div class=\"fusion-column-wrapper fusion-flex-justify-content-flex-start fusion-content-layout-column\" style=\"background-position:left top;background-repeat:no-repeat;-webkit-background-size:cover;-moz-background-size:cover;-o-background-size:cover;background-size:cover;padding: 0px 0px 0px 0px;\"><style type=\"text\/css\">.fusion-accordian  #accordion-7985-1 .panel-title a .fa-fusion-box{ color: #ffffff;}.fusion-accordian  #accordion-7985-1 .panel-title a .fa-fusion-box:before{ font-size: 16px; width: 16px;}.fusion-accordian  #accordion-7985-1.fusion-toggle-icon-right .fusion-toggle-heading{ margin-right: 34px;}.fusion-accordian  #accordion-7985-1 .fa-fusion-box { background-color: #212934;border-color: #212934;}.fusion-accordian  #accordion-7985-1 .panel-title a:hover, #accordion-7985-1 .fusion-toggle-boxed-mode:hover .panel-title a { color: #a3191a;}.fusion-accordian  #accordion-7985-1 .panel-title .active .fa-fusion-box,.fusion-accordian  #accordion-7985-1 .panel-title a:hover .fa-fusion-box { background-color: #a3191a!important;border-color: #a3191a!important;}<\/style><div class=\"accordian fusion-accordian\"><div class=\"panel-group fusion-toggle-icon-right\" id=\"accordion-7985-1\"><div class=\"fusion-panel panel-default\"><div class=\"panel-heading\"><h4 class=\"panel-title toggle\"><a aria-expanded=\"false\" aria-controls=\"4984ab16e71cad4ec\" role=\"button\" data-toggle=\"collapse\" data-parent=\"#accordion-7985-1\" data-target=\"#4984ab16e71cad4ec\" href=\"#4984ab16e71cad4ec\"><span class=\"fusion-toggle-icon-wrapper\" aria-hidden=\"true\"><i class=\"fa-fusion-box\" aria-hidden=\"true\"><\/i><\/span><span class=\"fusion-toggle-heading\">Per a acompanyar el Vermut<\/span><\/a><\/h4><\/div><div id=\"4984ab16e71cad4ec\" class=\"panel-collapse collapse \"><div class=\"panel-body toggle-content fusion-clearfix\"><div class=\"item-carta-casamon\"><span>Olives \u201cManzanilla\u201d (ravanera)<\/span><span>2.45 \u20ac<\/span><\/div>\n<div class=\"item-carta-casamon\"><span>Cacaus del Collaret (ravanera)<\/span><span>1.50 \u20ac<\/span><\/div>\n<div class=\"item-carta-casamon\"><span>Almetles tostades (Rabanera)<\/span><span>2.50 \u20ac<\/span><\/div>\n<div class=\"item-carta-casamon\"><span>Tramussos (ravanera)<\/span><span>1.25 \u20ac<\/span><\/div>\n<div class=\"item-carta-casamon\"><span>Gilda<\/span><span>2.95 \u20ac<\/span><\/div>\n<div class=\"item-carta-casamon\"><span>V-2<\/span><span>10.70 \u20ac<\/span><\/div><\/div><\/div><\/div><div class=\"fusion-panel panel-default\"><div class=\"panel-heading\"><h4 class=\"panel-title toggle\"><a aria-expanded=\"false\" aria-controls=\"f1321eb0d3b6c4ac1\" role=\"button\" data-toggle=\"collapse\" data-parent=\"#accordion-7985-1\" data-target=\"#f1321eb0d3b6c4ac1\" href=\"#f1321eb0d3b6c4ac1\"><span class=\"fusion-toggle-icon-wrapper\" aria-hidden=\"true\"><i class=\"fa-fusion-box\" aria-hidden=\"true\"><\/i><\/span><span class=\"fusion-toggle-heading\">Productes de l\u2019horta<\/span><\/a><\/h4><\/div><div id=\"f1321eb0d3b6c4ac1\" class=\"panel-collapse collapse \"><div class=\"panel-body toggle-content fusion-clearfix\"><div class=\"item-carta-casamon\"><span>Faves estofades (plateret)<\/span><span>4.60 \u20ac<\/span><\/div>\n<div class=\"item-carta-casamon\"><span>Cre\u00eflles braves de sec\u00e0 dels Monts Universals (plateret)<\/span><span>5.70 \u20ac<\/span><\/div>\n<div class=\"item-carta-casamon\"><span>Cre\u00eflles braves de sec\u00e0 dels Monts Universals (plat)<\/span><span>11.40 \u20ac<\/span><\/div>\n<div class=\"item-carta-casamon\"><span>Carxofes a la planxa (segons temporada)<\/span><span>9.60 \u20ac<\/span><\/div>\n<div class=\"item-carta-casamon\"><span>Faves \u2018baby\u2019 fregides amb pernil de bellota 100% ra\u00e7a Ib\u00e8rica (cassoleta)<\/span><span>8.45 \u20ac<\/span><\/div>\n<div class=\"item-carta-casamon\"><span>Amanida de tomaca seleccionada (plat)<\/span><span>6.40 \u20ac<\/span><\/div>\n<div class=\"item-carta-casamon\"><span>Ensaladilla de cre\u00eflla y bon\u00edtol (plateret)<\/span><span>5.50 \u20ac<\/span><\/div>\n<div class=\"item-carta-casamon\"><span>\u2018Salmorejo\u2019 individual<\/span><span>4.70 \u20ac<\/span><\/div>\n<div class=\"item-carta-casamon\"><span>Mollet de hummus de garrof\u00f3 pintat con polp sec (unitat)<\/span><span>2.95 \u20ac<\/span><\/div>\n<div class=\"item-carta-casamon\"><span>Mollet de crem\u00f3s d&#8217;alberg\u00ednia a la flama (Acompanyat amb cogombre i pastanaga. Verdures i AOVE certificats CAE-CV )<\/span><span>2.95 \u20ac<\/span><\/div>\n<div class=\"item-carta-casamon\"><span>All porro temperat amb vinagreta de verdures<\/span><span>2.75 \u20ac<\/span><\/div>\n<div class=\"item-carta-casamon\"><span>Regirat d\u2019ous ecol\u00f2gics de Titaig\u00fces i verdura de temporada (plat)<\/span><span>7.25 \u20ac<\/span><\/div>\n<div class=\"item-carta-casamon\"><span>Pebrots de Padr\u00f3 (segons temporada) (plateret)<\/span><span>4.70 \u20ac<\/span><\/div>\n<div class=\"item-carta-casamon\"><span>Pebrots de Padr\u00f3 (segons temporada) (plat)<\/span><span>9.40 \u20ac<\/span><\/div>\n<div class=\"item-carta-casamon\"><span>Pebrot del \u2018piquillo\u2019 farcit (unitat)<\/span><span>3.60 \u20ac<\/span><\/div>\n<div class=\"item-carta-casamon\"><span>Piparra fresca d\u00b4Ibarra (segons temporada)<\/span><span>4.60 \u20ac<\/span><\/div>\n<div class=\"item-carta-casamon\"><span>Rovellons a la planxa (segons temporada)<\/span><span>7.95 \u20ac<\/span><\/div>\n<div class=\"item-carta-casamon\"><span>P\u00e9sol ll\u00e0grima de Guetaria amb ou a baixa temperatura i caldo d\u00b4ib\u00e8ric<\/span><span>14.00 \u20ac<\/span><\/div>\n<div class=\"item-carta-casamon\"><span>Consom\u00e9 degustaci\u00f3 (segons temporada)<\/span><span>2.50 \u20ac<\/span><\/div>\n<div class=\"item-carta-casamon\"><span>Sopa de ceba tradicional (segons temporada)<\/span><span>6.95 \u20ac<\/span><\/div><\/div><\/div><\/div><div class=\"fusion-panel panel-default\"><div class=\"panel-heading\"><h4 class=\"panel-title toggle\"><a aria-expanded=\"false\" aria-controls=\"3583adbedcdd16387\" role=\"button\" data-toggle=\"collapse\" data-parent=\"#accordion-7985-1\" data-target=\"#3583adbedcdd16387\" href=\"#3583adbedcdd16387\"><span class=\"fusion-toggle-icon-wrapper\" aria-hidden=\"true\"><i class=\"fa-fusion-box\" aria-hidden=\"true\"><\/i><\/span><span class=\"fusion-toggle-heading\">Productes de la mar<\/span><\/a><\/h4><\/div><div id=\"3583adbedcdd16387\" class=\"panel-collapse collapse \"><div class=\"panel-body toggle-content fusion-clearfix\"><div class=\"item-carta-casamon\"><span>Anxova de campanya del Cant\u00e0bric (filet)<\/span><span>2.80 \u20ac<\/span><\/div>\n<div class=\"item-carta-casamon\"><span>Anxova de campanya del Cant\u00e0bric (1\/2 dotzena)<\/span><span>16.80 \u20ac<\/span><\/div>\n<div class=\"item-carta-casamon\"><span>Anxova de campanya del Cant\u00e0bric (sencera)<\/span><span>3.80 \u20ac<\/span><\/div>\n<div class=\"item-carta-casamon\"><span>Aladroc en vinagre (filet)<\/span><span>1.15 \u20ac<\/span><\/div>\n<div class=\"item-carta-casamon\"><span>Aladroc en vinagre (plat)<\/span><span>6.90 \u20ac<\/span><\/div>\n<div class=\"item-carta-casamon\"><span>Sardina fumada (filet)<\/span><span>2.60 \u20ac<\/span><\/div>\n<div class=\"item-carta-casamon\"><span>Sardina en escabetx (segons disponibilitat) (filet)<\/span><span>1.50 \u20ac<\/span><\/div>\n<div class=\"item-carta-casamon\"><span>Anguila fumada de Val\u00e8ncia amb brots i brunoise de verdures (filet)<\/span><span>7.90 \u20ac<\/span><\/div>\n<div class=\"item-carta-casamon\"><span>Tonyina roja del Mediterrani marinada a les 7 esp\u00e8cies (plat)<\/span><span>8.90 \u20ac<\/span><\/div>\n<div class=\"item-carta-casamon\"><span>Cl\u00f2txina de Val\u00e8ncia (unitat)<\/span><span>3.60 \u20ac<\/span><\/div>\n<div class=\"item-carta-casamon\"><span>Canailles de Val\u00e8ncia<\/span><span>9,50 \u20ac<\/span><\/div>\n<div class=\"item-carta-casamon\"><span>Pepito de titaina (unitat)<\/span><span>3.75 \u20ac<\/span><\/div>\n<div class=\"item-carta-casamon\"><span>Mandonguilla de bacall\u00e0 (unitat)<\/span><span>2.50 \u20ac<\/span><\/div>\n<div class=\"item-carta-casamon\"><span>Brandada de bacall\u00e0 (barqueta)<\/span><span>2.95 \u20ac<\/span><\/div>\n<div class=\"item-carta-casamon\"><span>Ajoarriero (rabanera)<\/span><span>3.90 \u20ac<\/span><\/div>\n<div class=\"item-carta-casamon\"><span>Cococha de bacall\u00e0 arrebossada (segons disponibilitat)<\/span><span>2.80 \u20ac<\/span><\/div>\n<div class=\"item-carta-casamon\"><span>Sardina planxa de la Badia de Castell\u00f3 (1\/2 Dotzena)<\/span><span>5.40 \u20ac<\/span><\/div>\n<div class=\"item-carta-casamon\"><span>Sardina planxa de la Badia de Castell\u00f3 (Dotzena)<\/span><span>10,80 \u20ac<\/span><\/div>\n<div class=\"item-carta-casamon\"><span>Aladroc fregit de la Badia de Castell\u00f3 (plateret)<\/span><span>5.20 \u20ac<\/span><\/div>\n<div class=\"item-carta-casamon\"><span>Aladroc fregit de la Badia de Castell\u00f3 (plat)<\/span><span>10,40 \u20ac<\/span><\/div>\n<div class=\"item-carta-casamon\"><span>Calamar xicotet a la planxa (unitat)<\/span><span>7.10 \u20ac<\/span><\/div>\n<div class=\"item-carta-casamon\"><span>Fresa de s\u00e9pia a la planxa (plat)<\/span><span>8.80 \u20ac<\/span><\/div>\n<div class=\"item-carta-casamon\"><span>Gamba blanca de la Costa Valenciana a la planxa (unitat)<\/span><span>1,50 \u20ac<\/span><\/div>\n<div class=\"item-carta-casamon\"><span>Gamba vermella de la Costa Valenciana a la planxa (unitat)<\/span><span>2,75 \u20ac<\/span><\/div>\n<div class=\"item-carta-casamon\"><span>Sepionet de la Costa Valenciana a la planxa a la tinta<\/span><span>11,80 \u20ac<\/span><\/div>\n<div class=\"item-carta-casamon\"><span>Punteta arrebossada de la Costa Valenciana<\/span><span>10,80 \u20ac<\/span><\/div>\n<div class=\"item-carta-casamon\"><span>Cl\u00f2txines valencianes al vapor (plateret)<\/span><span>5.75 \u20ac<\/span><\/div>\n<div class=\"item-carta-casamon\"><span>Cl\u00f2txines valencianes al vapor (plat)<\/span><span>11.50 \u20ac<\/span><\/div>\n<div class=\"item-carta-casamon\"><span>Escopinyes al vapor D.O. Ries Gallegues (plat)<\/span><span>9.85 \u20ac<\/span><\/div>\n<div class=\"item-carta-casamon\"><span>S\u00e8pia amb ceba (plat)<\/span><span>8.75 \u20ac<\/span><\/div>\n<div class=\"item-carta-casamon\"><span>Verat en escabetx amb fesols del Confit de Viver (plat)<\/span><span>8.30 \u20ac<\/span><\/div><\/div><\/div><\/div><div class=\"fusion-panel panel-default\"><div class=\"panel-heading\"><h4 class=\"panel-title toggle\"><a aria-expanded=\"false\" aria-controls=\"0265825f28fa200ed\" role=\"button\" data-toggle=\"collapse\" data-parent=\"#accordion-7985-1\" data-target=\"#0265825f28fa200ed\" href=\"#0265825f28fa200ed\"><span class=\"fusion-toggle-icon-wrapper\" aria-hidden=\"true\"><i class=\"fa-fusion-box\" aria-hidden=\"true\"><\/i><\/span><span class=\"fusion-toggle-heading\">Les nostres conserves<\/span><\/a><\/h4><\/div><div id=\"0265825f28fa200ed\" class=\"panel-collapse collapse \"><div class=\"panel-body toggle-content fusion-clearfix\"><div class=\"item-carta-casamon\"><span>Escopinyes D. O. R\u00edas Gallegas delicatessen (30-35 unidades)<\/span><span>21.50 \u20ac<\/span><\/div>\n<div class=\"item-carta-casamon\"><span>Navalles D. O. R\u00edas Gallegas extra (4-6 unitats)<\/span><span>10.20 \u20ac<\/span><\/div>\n<div class=\"item-carta-casamon\"><span>Musclos D.O. Ries Gallegues (unitat)<\/span><span>1.20 \u20ac<\/span><\/div>\n<div class=\"item-carta-casamon\"><span>Musclos D.O. Ries Gallegues (6-8 unitats)<\/span><span>9.60 \u20ac<\/span><\/div>\n<div class=\"item-carta-casamon\"><span>Musclos D.O. Ries Gallegues (4-6 unitats)<\/span><span>13.90 \u20ac<\/span><\/div>\n<div class=\"item-carta-casamon\"><span>Ventresca de Bon\u00edtol<\/span><span>13.80 \u20ac<\/span><\/div>\n<div class=\"item-carta-casamon\"><span>Bon\u00edtol del Nord (plateret)<\/span><span>7.20 \u20ac<\/span><\/div>\n<div class=\"item-carta-casamon\"><span>Calamarons en la seua tinta (6-8 unidades)<\/span><span>6.70 \u20ac<\/span><\/div>\n<div class=\"item-carta-casamon\"><span>Sardinetes en oli<\/span><span>4.10 \u20ac<\/span><\/div>\n<div class=\"item-carta-casamon\"><span>Combinat delicatessen D. O. R\u00edas Gallegas<\/span><span>42.50 \u20ac<\/span><\/div><\/div><\/div><\/div><div class=\"fusion-panel panel-default\"><div class=\"panel-heading\"><h4 class=\"panel-title toggle\"><a aria-expanded=\"false\" aria-controls=\"4cb469990d6e08c84\" role=\"button\" data-toggle=\"collapse\" data-parent=\"#accordion-7985-1\" data-target=\"#4cb469990d6e08c84\" href=\"#4cb469990d6e08c84\"><span class=\"fusion-toggle-icon-wrapper\" aria-hidden=\"true\"><i class=\"fa-fusion-box\" aria-hidden=\"true\"><\/i><\/span><span class=\"fusion-toggle-heading\">Carns, embotits i productes curats<\/span><\/a><\/h4><\/div><div id=\"4cb469990d6e08c84\" class=\"panel-collapse collapse \"><div class=\"panel-body toggle-content fusion-clearfix\"><div class=\"item-carta-casamon\"><span>Pernil de gla 100% ra\u00e7a Ib\u00e8rica etiqueta negra (Platet)<\/span><span>16.40 \u20ac<\/span><\/div>\n<div class=\"item-carta-casamon\"><span>Pernil de gla 100% ra\u00e7a Ib\u00e8rica etiqueta negra (Plat)<\/span><span>25.60 \u20ac<\/span><\/div>\n<div class=\"item-carta-casamon\"><span>Cecina de Lle\u00f3 amanida (Platet)<\/span><span>7.90 \u20ac<\/span><\/div>\n<div class=\"item-carta-casamon\"><span>Llom de gla 100% ra\u00e7a Ib\u00e8rica (Platet)<\/span><span>8.20 \u20ac<\/span><\/div>\n<div class=\"item-carta-casamon\"><span>Xori\u00e7o de Zamora<\/span><span>7.20 \u20ac<\/span><\/div>\n<div class=\"item-carta-casamon\"><span>Llonganissa valenciana (Unitat)<\/span><span>2.30 \u20ac<\/span><\/div>\n<div class=\"item-carta-casamon\"><span>Txistorra de Irura (Unidad)<\/span><span>2.25 \u20ac<\/span><\/div>\n<div class=\"item-carta-casamon\"><span>Xori\u00e7o artes\u00e0 a la sidra (Unitat)<\/span><span>7.20 \u20ac<\/span><\/div>\n<div class=\"item-carta-casamon\"><span>Botifarra de Burgos (Montadito)<\/span><span>2.80 \u20ac<\/span><\/div>\n<div class=\"item-carta-casamon\"><span>Guatlla en escabetx<\/span><span>6.65 \u20ac<\/span><\/div>\n<div class=\"item-carta-casamon\"><span>Filet de &#8216;bov\u00ed especial&#8217; trinxat amb alls tendres (Plat) (Cont\u00e9 AOVE certificat CAE-CV)<\/span><span>22.90 \u20ac<\/span><\/div><\/div><\/div><\/div><div class=\"fusion-panel panel-default\"><div class=\"panel-heading\"><h4 class=\"panel-title toggle\"><a aria-expanded=\"false\" aria-controls=\"d59e38fa2544ecbc3\" role=\"button\" data-toggle=\"collapse\" data-parent=\"#accordion-7985-1\" data-target=\"#d59e38fa2544ecbc3\" href=\"#d59e38fa2544ecbc3\"><span class=\"fusion-toggle-icon-wrapper\" aria-hidden=\"true\"><i class=\"fa-fusion-box\" aria-hidden=\"true\"><\/i><\/span><span class=\"fusion-toggle-heading\">Els nostres formatges<\/span><\/a><\/h4><\/div><div id=\"d59e38fa2544ecbc3\" class=\"panel-collapse collapse \"><div class=\"panel-body toggle-content fusion-clearfix\"><div class=\"item-carta-casamon\"><span>Formatge curat d\u2019ovella de La Manxa \u2018Dehesa de los Llanos\u2019 Gran Reserva (plateret)<\/span><span>5.75 \u20ac<\/span><\/div>\n<div class=\"item-carta-casamon\"><span>Formatge curat d\u2019ovella de La Manxa \u2018Dehesa de los Llanos\u2019 Gran Reserva (plat)<\/span><span>11.50 \u20ac<\/span><\/div>\n<div class=\"item-carta-casamon\"><span>Formatge de la Serra d\u2019Espad\u00e0 \u2018Los Corrales\u2019 (plateret)<\/span><span>5.75 \u20ac<\/span><\/div>\n<div class=\"item-carta-casamon\"><span>Formatge de la Serra d\u2019Espad\u00e0 \u2018Los Corrales\u2019 (plat)<\/span><span>11.50 \u20ac<\/span><\/div>\n<div class=\"item-carta-casamon\"><span>Formatge de cabra amb mel de pebrots (barqueta)<\/span><span>2.95 \u20ac<\/span><\/div><\/div><\/div><\/div><div class=\"fusion-panel panel-default\"><div class=\"panel-heading\"><h4 class=\"panel-title toggle\"><a aria-expanded=\"false\" aria-controls=\"892aeeee8f96b16cb\" role=\"button\" data-toggle=\"collapse\" data-parent=\"#accordion-7985-1\" data-target=\"#892aeeee8f96b16cb\" href=\"#892aeeee8f96b16cb\"><span class=\"fusion-toggle-icon-wrapper\" aria-hidden=\"true\"><i class=\"fa-fusion-box\" aria-hidden=\"true\"><\/i><\/span><span class=\"fusion-toggle-heading\">Pa artes\u00e0<\/span><\/a><\/h4><\/div><div id=\"892aeeee8f96b16cb\" class=\"panel-collapse collapse \"><div class=\"panel-body toggle-content fusion-clearfix\"><div class=\"item-carta-casamon\"><span>Pa r\u00fastic de tetilla (alta hidrataci\u00f3) (Porci\u00f3)<\/span><span>1.25 \u20ac<\/span><\/div>\n<div class=\"item-carta-casamon\"><span>Pa sense gluten<\/span><span>1.25 \u20ac<\/span><\/div><\/div><\/div><\/div><div class=\"fusion-panel panel-default\"><div class=\"panel-heading\"><h4 class=\"panel-title toggle\"><a aria-expanded=\"false\" aria-controls=\"5bcfa81f4aba9f3bd\" role=\"button\" data-toggle=\"collapse\" data-parent=\"#accordion-7985-1\" data-target=\"#5bcfa81f4aba9f3bd\" href=\"#5bcfa81f4aba9f3bd\"><span class=\"fusion-toggle-icon-wrapper\" aria-hidden=\"true\"><i class=\"fa-fusion-box\" aria-hidden=\"true\"><\/i><\/span><span class=\"fusion-toggle-heading\">Dol\u00e7os i postres<\/span><\/a><\/h4><\/div><div id=\"5bcfa81f4aba9f3bd\" class=\"panel-collapse collapse \"><div class=\"panel-body toggle-content fusion-clearfix\"><div class=\"item-carta-casamon\"><span>Past\u00eds Huesca (past\u00eds fi de crema d\u2019avellanes i ametlles)<\/span><span>4.80 \u20ac<\/span><\/div>\n<div class=\"item-carta-casamon\"><span>Flamet amb melmelada de tomaca de varietat tradicional<\/span><span>2.65 \u20ac<\/span><\/div>\n<div class=\"item-carta-casamon\"><span>Flamet sense melmelada<\/span><span>2.45 \u20ac<\/span><\/div>\n<div class=\"item-carta-casamon\"><span>T\u00f2fona artesana de xocolate<\/span><span>1.75 \u20ac<\/span><\/div>\n<div class=\"item-carta-casamon\"><span>Past\u00eds de tres xocolates<\/span><span>4.80 \u20ac<\/span><\/div>\n<div class=\"item-carta-casamon\"><span>Past\u00eds de mousse de llima<\/span><span>4.80 \u20ac<\/span><\/div>\n<div class=\"item-carta-casamon\"><span>Past\u00eds de mousse de torr\u00f3<\/span><span>4.60 \u20ac<\/span><\/div>\n<div class=\"item-carta-casamon\"><span>Pionono de Santa Fe<\/span><span>3.75 \u20ac<\/span><\/div>\n<div class=\"item-carta-casamon\"><span>Past\u00eds de formatge de Casa Monta\u00f1a amb el seu codony i gelea<\/span><span>5.90 \u20ac<\/span><\/div>\n<div class=\"item-carta-casamon\"><span>Postre artes\u00e0 de taronja valenciana de temporada<\/span><span>5.90 \u20ac<\/span><\/div>\n<div class=\"item-carta-casamon\"><span>Taronja valenciana natural trinxada<\/span><span>5.75 \u20ac<\/span><\/div>\n<div class=\"item-carta-casamon\"><span>Suc natural de Taronja valenciana<\/span><span>2.95 \u20ac<\/span><\/div>\n<div class=\"item-carta-casamon\"><span>Maduixetes silvestres de Canals amb nata<\/span><span>4.20 \u20ac<\/span><\/div>\n<div class=\"item-carta-casamon\"><span>Cireres d\u00b4Arag\u00f3<\/span><span>4.00 \u20ac<\/span><\/div>\n<div class=\"item-carta-casamon\"><span>Fruita de temporada (Mel\u00f3 d&#8217;Or d&#8217;Ontinyent certificat CAE-CV) (Kaki Ribera del X\u00faquer (Denominaci\u00f3 d&#8217;Origen Protegida))<\/span><span>2.40 \u20ac<\/span><\/div><\/div><\/div><\/div><div class=\"fusion-panel panel-default\"><div class=\"panel-heading\"><h4 class=\"panel-title toggle\"><a aria-expanded=\"false\" aria-controls=\"9e282676f57a855b6\" role=\"button\" data-toggle=\"collapse\" data-parent=\"#accordion-7985-1\" data-target=\"#9e282676f57a855b6\" href=\"#9e282676f57a855b6\"><span class=\"fusion-toggle-icon-wrapper\" aria-hidden=\"true\"><i class=\"fa-fusion-box\" aria-hidden=\"true\"><\/i><\/span><span class=\"fusion-toggle-heading\">Caf\u00e9s i infusions a granel d'herboristeria<\/span><\/a><\/h4><\/div><div id=\"9e282676f57a855b6\" class=\"panel-collapse collapse \"><div class=\"panel-body toggle-content fusion-clearfix\"><div class=\"item-carta-casamon\"><span>Caf\u00e9 expr\u00e9s<\/span><span>1.80 \u20ac<\/span><\/div>\n<div class=\"item-carta-casamon\"><span>Caf\u00e9 descafe\u00efnat expr\u00e9s<\/span><span>1.80 \u20ac<\/span><\/div>\n<div class=\"item-carta-casamon\"><span>Tallat expr\u00e9s<\/span><span>1.90 \u20ac<\/span><\/div>\n<div class=\"item-carta-casamon\"><span>Tallat descafe\u00efnat expr\u00e9s<\/span><span>1.90 \u20ac<\/span><\/div>\n<div class=\"item-carta-casamon\"><span>Caf\u00e9 tocat expr\u00e9s<\/span><span>2.00 \u20ac<\/span><\/div>\n<div class=\"item-carta-casamon\"><span>Caf\u00e9 tocat descafe\u00efnat expr\u00e9s<\/span><span>2.00 \u20ac<\/span><\/div>\n<div class=\"item-carta-casamon\"><span>Bomb\u00f3<\/span><span>2.00 \u20ac<\/span><\/div>\n<div class=\"item-carta-casamon\"><span>Caf\u00e8 amb llet<\/span><span>2.00 \u20ac<\/span><\/div>\n<div class=\"item-carta-casamon\"><span>Cremaet<\/span><span>2.50 \u20ac<\/span><\/div>\n<div class=\"item-carta-casamon\"><span>Cremaet descaf\u00efnat<\/span><span>2.50 \u20ac<\/span><\/div>\n<div class=\"item-carta-casamon\"><span>Til\u00b7la<\/span><span>2.45 \u20ac<\/span><\/div>\n<div class=\"item-carta-casamon\"><span>Camamil\u00b7la<\/span><span>2.45 \u20ac<\/span><\/div>\n<div class=\"item-carta-casamon\"><span>Menta Poliol<\/span><span>2.45 \u20ac<\/span><\/div>\n<div class=\"item-carta-casamon\"><span>T\u00e9 (verd o negre)<\/span><span>2.45 \u20ac<\/span><\/div>\n<div class=\"item-carta-casamon\"><span>Infusi\u00f3 Rooibos (sense te\u00efna)<\/span><span>2.45 \u20ac<\/span><\/div>\n<div class=\"item-carta-casamon\"><span>Infusi\u00f3 relaxant (25% til\u00b7la, 50% flor del taronger, 25% mariallu\u00efsa)<\/span><span>2.45 \u20ac<\/span><\/div>\n<div class=\"item-carta-casamon\"><span>Infusi\u00f3 estimulant (65% t\u00e9 negre, 25% regal\u00edssia, 10% canyella)<\/span><span>2.45 \u20ac<\/span><\/div>\n<div class=\"item-carta-casamon\"><span>Infusi\u00f3 digestiva (25% t\u00e9 de roca sense te\u00efna, 25% menta poliol, 25% boldo, 25% an\u00eds estrellat)<\/span><span>2.45 \u20ac<\/span><\/div>\n<div class=\"item-carta-casamon\"><span>Infusi\u00f3 antioxidant (50% t\u00e9 verd, 25% hibisc, 25% gavarrera)<\/span><span>2.45 \u20ac<\/span><\/div><\/div><\/div><\/div><\/div><\/div><\/div><style type=\"text\/css\">.fusion-body .fusion-builder-column-5{width:100% !important;margin-top : 0px;margin-bottom : 20px;}.fusion-builder-column-5 > .fusion-column-wrapper {padding-top : 0px !important;padding-right : 0px !important;margin-right : 1.92%;padding-bottom : 0px !important;padding-left : 0px !important;margin-left : 1.92%;}@media only screen and (max-width:1024px) {.fusion-body .fusion-builder-column-5{width:100% !important;order : 0;}.fusion-builder-column-5 > .fusion-column-wrapper {margin-right : 1.92%;margin-left : 1.92%;}}@media only screen and (max-width:640px) {.fusion-body .fusion-builder-column-5{width:100% !important;order : 0;}.fusion-builder-column-5 > .fusion-column-wrapper {margin-right : 1.92%;margin-left : 1.92%;}}<\/style><\/div><div class=\"fusion-layout-column fusion_builder_column fusion-builder-column-6 fusion_builder_column_1_1 1_1 fusion-flex-column\"><div class=\"fusion-column-wrapper fusion-flex-justify-content-flex-start fusion-content-layout-column\" style=\"background-position:left top;background-repeat:no-repeat;-webkit-background-size:cover;-moz-background-size:cover;-o-background-size:cover;background-size:cover;padding: 0px 0px 0px 0px;\"><div class=\"carta-lv\"><div class=\"tipocarta-box\"><div class=\"titulotipocarta lv-grid\"><h3>Per a acompanyar el Vermut<\/h3><div class=\"signo\"><span class=\"mas\">+<\/span><span class=\"menos oculto\">-<\/span><\/div><\/div><div class=\"tipocarta-padre\"><div class=\"tipocarta\"><div class=\"item lv-grid\"><span class=\"titulo\">Cacaus del Collaret (ravanera)<\/span><span class=\"precio\">1.50 \u20ac<\/span><\/div><div class=\"item lv-grid\"><span class=\"titulo\">Olives \u201cManzanilla\u201d (ravanera)<\/span><span class=\"precio\">2.45 \u20ac<\/span><\/div><div class=\"item lv-grid\"><span class=\"titulo\">Tramussos (ravanera)<\/span><span class=\"precio\">1.25 \u20ac<\/span><\/div><div class=\"item lv-grid\"><span class=\"titulo\">Almetles tostades (Rabanera)<\/span><span class=\"precio\">3,25 \u20ac<\/span><\/div><div class=\"item lv-grid\"><span class=\"titulo\">Gilda (1 filete de anxova, 1 piparra, 2 olives)<\/span><span class=\"precio\">2.95 \u20ac<\/span><\/div><div class=\"item lv-grid\"><span class=\"titulo\">V-2 (2 filets d&#8217;anxoves, 2 de seit\u00f3, 2 musclos, olives)<\/span><span class=\"precio\">12,80 \u20ac<\/span><\/div><\/div><\/div><\/div><div class=\"tipocarta-box\"><div class=\"titulotipocarta lv-grid\"><h3>Productes de l\u2019horta<\/h3><div class=\"signo\"><span class=\"mas\">+<\/span><span class=\"menos oculto\">-<\/span><\/div><\/div><div class=\"tipocarta-padre\"><div class=\"tipocarta\"><div class=\"item lv-grid\"><span class=\"titulo\">Faves estofades (Michiriones &#8211; llorer certificat CAE-CV) (plateret)<\/span><span class=\"precio\">4.85 \u20ac<\/span><div class=\"saber-mas-box\"><span class=\"saber-mas\"><span class=\"sm\">Saber m\u00e9s<\/span><span class=\"pl oculto\">Plegar<\/span><\/span><div class=\"contenido-box\"><div class=\"contenido\">Una tapa emblem\u00e0tica origin\u00e0ria de Casa Monta\u00f1a. Es tracta d'una recepta centen\u00e0ria que s'ha transm\u00e9s de propietari en propietari i no ha patit cap transformaci\u00f3. L'ingredient principal d'aquesta recepta s\u00f3n les faves seques que ens proveeix el productor d'hortalisses ecol\u00f2giques Bruno, de Mastika l'Horta. La sembra de les faves es realitza tradicionalment en el pont del Pilar i el seu consum en fresc \u00e9s fins a mitjan maig. A partir d'ac\u00ed es deixen assecar en el mateix camp amb la seua pr\u00f2pia baina, la qual cosa els confereix un color fosc. Una vegada seques i quan ja han adquirit totes les caracter\u00edstiques organol\u00e8ptiques precises, se serveixen per a fer els famosos i deliciosos \u2018Michirones\u2019. \u00c9s important destacar que per a la seua elaboraci\u00f3 tamb\u00e9 s'aprofiten altres productes amb els quals treballem.\r\n<ul>\r\n \t<li>Producci\u00f3 ecol\u00f2gica: Faves i llorer certificats CAU-CV<\/li>\r\n \t<li>Protocol malgaste alimentari<\/li>\r\n \t<li>Proximitat i comer\u00e7 local<\/li>\r\n<\/ul><\/div><\/div><\/div><\/div><div class=\"item lv-grid\"><span class=\"titulo\">Pebrot del \u2018piquillo\u2019 farcit (unitat)<\/span><span class=\"precio\">3.60 \u20ac<\/span><\/div><div class=\"item lv-grid\"><span class=\"titulo\">Cre\u00eflles braves de sec\u00e0 dels Monts Universals (plateret)<\/span><span class=\"precio\">5.90 \u20ac<\/span><\/div><div class=\"item lv-grid\"><span class=\"titulo\">Cre\u00eflles braves de sec\u00e0 dels Monts Universals (plat)<\/span><span class=\"precio\">11.40 \u20ac<\/span><\/div><div class=\"item lv-grid\"><span class=\"titulo\">Carxofes de temporada a la planxa<\/span><span class=\"precio\">10.75 \u20ac<\/span><div class=\"saber-mas-box\"><span class=\"saber-mas\"><span class=\"sm\">Saber m\u00e9s<\/span><span class=\"pl oculto\">Plegar<\/span><\/span><div class=\"contenido-box\"><div class=\"contenido\">\u00c9s un dels fruits m\u00e9s delicats, ra\u00f3 per la qual triem les carxofes DOP Benicarl\u00f3 en el seu moment \u00f2ptim. Resulten ideals per a consumir-les fresques amb una elaboraci\u00f3 senzilla, que ens permeta apreciar els seus diferents matisos i sabors.\r\n<ul>\r\n \t<li>Denominaci\u00f3 d'Origen Protegida<\/li>\r\n \t<li>Temporada, proximitat i comer\u00e7 local<\/li>\r\n<\/ul><\/div><\/div><\/div><\/div><div class=\"item lv-grid\"><span class=\"titulo\">Faves \u2018baby\u2019 fregides amb pernil de bellota 100% ra\u00e7a Ib\u00e8rica (cassoleta)<\/span><span class=\"precio\">9.20 \u20ac<\/span><\/div><div class=\"item lv-grid\"><span class=\"titulo\">Amanida de tomaca seleccionada (plat) (certificat CAE-CV)<\/span><span class=\"precio\">9,80 \u20ac<\/span><div class=\"saber-mas-box\"><span class=\"saber-mas\"><span class=\"sm\">Saber m\u00e9s<\/span><span class=\"pl oculto\">Plegar<\/span><\/span><div class=\"contenido-box\"><div class=\"contenido\">Des de maig fins a principis d'octubre, podem gaudir de la tomaca valenciana, varietat aut\u00f2ctona de pell fina i textura carnosa. Durant els mesos d'hivern i l\u2019inici de la primavera visitem l'horta i realitzem una labor de selecci\u00f3 d'altres varietats de producci\u00f3 ecol\u00f2gica amb sabors i grand\u00e0ries variades, assegurant un contacte estret amb els productors i coneixent la temporada de les tomaques per a la nostra amanida.\r\n<ul>\r\n \t<li>Producci\u00f3 ecol\u00f2gica: tomaca i oli d\u2019oliva VE certificats CAU-CV<\/li>\r\n \t<li>Temporada, proximitat i comer\u00e7 local<\/li>\r\n<\/ul><\/div><\/div><\/div><\/div><div class=\"item lv-grid\"><span class=\"titulo\">Ensaladilla de cre\u00eflla y bon\u00edtol (plateret)<\/span><span class=\"precio\">5.65 \u20ac<\/span><\/div><div class=\"item lv-grid\"><span class=\"titulo\">Salmorejo individual<\/span><span class=\"precio\">4.70 \u20ac<\/span><\/div><div class=\"item lv-grid\"><span class=\"titulo\">Mollet de crem\u00f3s d&#8217;alberg\u00ednia a la flama (verdures certificades CAE-CV)<\/span><span class=\"precio\">2.95 \u20ac<\/span><\/div><div class=\"item lv-grid\"><span class=\"titulo\">All porro temperat amb vinagreta de verdures (Adre\u00e7at amb pebrots i pastanaga certificats CAE-CV)<\/span><span class=\"precio\">2.90 \u20ac<\/span><\/div><div class=\"item lv-grid\"><span class=\"titulo\">Regirat d&#8217;ous ecol\u00f2gics de Titaguas i verdura de temporada (certificats CAE-CV) (plat)<\/span><span class=\"precio\">7.60 \u20ac<\/span><\/div><div class=\"item lv-grid\"><span class=\"titulo\">Pebrots de Padr\u00f3 (segons temporada \u2013 certificat CAE-CV) (plateret)<\/span><span class=\"precio\">4.70 \u20ac<\/span><\/div><div class=\"item lv-grid\"><span class=\"titulo\">Pebrots de Padr\u00f3 (segons temporada \u2013 certificat CAE-CV) (plat)<\/span><span class=\"precio\">9.40 \u20ac<\/span><\/div><div class=\"item lv-grid\"><span class=\"titulo\">Piparra fresca (segons temporada \u2013 certificat CAE-CV)<\/span><span class=\"precio\">4,90 \u20ac<\/span><\/div><div class=\"item lv-grid\"><span class=\"titulo\">Graellada de verdures de temporada (verdures certificades CAE-CV)<\/span><span class=\"precio\">9.75 \u20ac<\/span><\/div><div class=\"item lv-grid\"><span class=\"titulo\">Rovellons planxa (segons temporada \u2013 certificat CAE-CV)<\/span><span class=\"precio\">15.55 \u20ac<\/span><div class=\"saber-mas-box\"><span class=\"saber-mas\"><span class=\"sm\">Saber m\u00e9s<\/span><span class=\"pl oculto\">Plegar<\/span><\/span><div class=\"contenido-box\"><div class=\"contenido\">La Serra d'Albarrac\u00edn, Serra de G\u00fadar i Maestrat s\u00f3n les primeres zones a acumular varietats de bolet, gr\u00e0cies a les pluges localitzades i continuades. De tant en tant, ens agrada planificar una xicoteta recollida de bolets per a gaudir d'entorns naturals i a l'aire lliure, mentre ens informem sobre les zones de producci\u00f3 i aprenem sobre un producte de temporada d'especial inter\u00e9s per a la gastronomia valenciana.\r\n<ul>\r\n \t<li>Temporada<\/li>\r\n<\/ul><\/div><\/div><\/div><\/div><div class=\"item lv-grid\"><span class=\"titulo\">P\u00e9sol ll\u00e0grima de Guetaria amb ou a baixa temperatura i caldo d\u00b4ib\u00e8ric<\/span><span class=\"precio\">14.00 \u20ac<\/span><\/div><div class=\"item lv-grid\"><span class=\"titulo\">Consom\u00e9 degustaci\u00f3 (segons temporada)<\/span><span class=\"precio\">2.50 \u20ac<\/span><\/div><div class=\"item lv-grid\"><span class=\"titulo\">Sopa de ceba tradicional (segons temporada)<\/span><span class=\"precio\">6.95 \u20ac<\/span><\/div><\/div><\/div><\/div><div class=\"tipocarta-box\"><div class=\"titulotipocarta lv-grid\"><h3>Productes de la mar<\/h3><div class=\"signo\"><span class=\"mas\">+<\/span><span class=\"menos oculto\">-<\/span><\/div><\/div><div class=\"tipocarta-padre\"><div class=\"tipocarta\"><div class=\"item lv-grid\"><span class=\"titulo\">Sardina en escabetx (segons disponibilitat) (filet)<\/span><span class=\"precio\">1.50 \u20ac<\/span><\/div><div class=\"item lv-grid\"><span class=\"titulo\">Anxova de campanya del Cant\u00e0bric (filet)<\/span><span class=\"precio\">2.95 \u20ac<\/span><\/div><div class=\"item lv-grid\"><span class=\"titulo\">Anxova de campanya del Cant\u00e0bric (1\/2 dotzena)<\/span><span class=\"precio\">17.70 \u20ac<\/span><\/div><div class=\"item lv-grid\"><span class=\"titulo\">Fresa de s\u00e9pia a la planxa (plat)<\/span><span class=\"precio\">8.80 \u20ac<\/span><\/div><div class=\"item lv-grid\"><span class=\"titulo\">Anxova de campanya del Cant\u00e0bric (sencera)<\/span><span class=\"precio\">4.50 \u20ac<\/span><\/div><div class=\"item lv-grid\"><span class=\"titulo\">Aladroc en vinagre (plat)<\/span><span class=\"precio\">6.90 \u20ac<\/span><\/div><div class=\"item lv-grid\"><span class=\"titulo\">Aladroc en vinagre (filet)<\/span><span class=\"precio\">1.15 \u20ac<\/span><\/div><div class=\"item lv-grid\"><span class=\"titulo\">Sardina fumada (filet)<\/span><span class=\"precio\">3.25 \u20ac<\/span><\/div><div class=\"item lv-grid\"><span class=\"titulo\">Tonyina roja del Mediterrani marinada a les 7 esp\u00e8cies (plat)<\/span><span class=\"precio\">10.40 \u20ac<\/span><\/div><div class=\"item lv-grid\"><span class=\"titulo\">Ostres de Val\u00e8ncia<\/span><span class=\"precio\">3,85 \u20ac<\/span><div class=\"saber-mas-box\"><span class=\"saber-mas\"><span class=\"sm\">Saber m\u00e9s<\/span><span class=\"pl oculto\">Plegar<\/span><\/span><div class=\"contenido-box\"><div class=\"contenido\">Prop de Casa Monta\u00f1a podem trobar el Port de Val\u00e8ncia, d'on provenen les nostres ostres fruit de la conjunci\u00f3 dels nutrients propis de la mar mediterr\u00e0nia i la selecci\u00f3 de llavors acuradament cultivades.\r\n<ul>\r\n \t<li>Proximitat i comer\u00e7 local<\/li>\r\n<\/ul><\/div><\/div><\/div><\/div><div class=\"item lv-grid\"><span class=\"titulo\">Canailles de Val\u00e8ncia<\/span><span class=\"precio\">9,50 \u20ac<\/span><\/div><div class=\"item lv-grid\"><span class=\"titulo\">Pepito de titaina dels Poblats Mar\u00edtims<\/span><span class=\"precio\">5.00 \u20ac<\/span><div class=\"saber-mas-box\"><span class=\"saber-mas\"><span class=\"sm\">Saber m\u00e9s<\/span><span class=\"pl oculto\">Plegar<\/span><\/span><div class=\"contenido-box\"><div class=\"contenido\">Orgullosos dels nostres costums, retem homenatge als cl\u00e0ssics i respectem el receptari valenci\u00e0, particularment el del nostre barri i la zona del Mar\u00edtim. Amb tomaques i pimentons ecol\u00f2gics de l'horta.\r\n<ul>\r\n \t<li>Producci\u00f3 ecol\u00f2gica: tomaca i oli d\u2019oliva VE certificats CAU-CV<\/li>\r\n \t<li>Integraci\u00f3 del menjar local<\/li>\r\n<\/ul><\/div><\/div><\/div><\/div><div class=\"item lv-grid\"><span class=\"titulo\">Mandonguilla de bacall\u00e0 (unitat)<\/span><span class=\"precio\">2,75 \u20ac<\/span><\/div><div class=\"item lv-grid\"><span class=\"titulo\">Brandada de bacall\u00e0 (barqueta)<\/span><span class=\"precio\">3.50 \u20ac<\/span><\/div><div class=\"item lv-grid\"><span class=\"titulo\">Ajoarriero (Rabanera)<\/span><span class=\"precio\">4,80 \u20ac<\/span><\/div><div class=\"item lv-grid\"><span class=\"titulo\">Cococha de bacall\u00e0 arrebossada (segons disponibilitat)<\/span><span class=\"precio\">2.80 \u20ac<\/span><\/div><div class=\"item lv-grid\"><span class=\"titulo\">Sardina planxa de la Costa Valenciana (1\/2 Dotzena)<\/span><span class=\"precio\">7,80 \u20ac<\/span><\/div><div class=\"item lv-grid\"><span class=\"titulo\">Sardina planxa de la Costa Valenciana (Dotzena)<\/span><span class=\"precio\">15,60 \u20ac<\/span><\/div><div class=\"item lv-grid\"><span class=\"titulo\">Aladroc fregit de la Costa Valenciana (plateret)<\/span><span class=\"precio\">6,65 \u20ac<\/span><\/div><div class=\"item lv-grid\"><span class=\"titulo\">Aladroc fregit de la Costa Valenciana (plat)<\/span><span class=\"precio\">13,30 \u20ac<\/span><\/div><div class=\"item lv-grid\"><span class=\"titulo\">Calamar xicotet a la planxa (unitat)<\/span><span class=\"precio\">9,80 \u20ac<\/span><\/div><div class=\"item lv-grid\"><span class=\"titulo\">Gamba blanca de la costa valenciana a la planxa<\/span><span class=\"precio\">1,50 \u20ac<\/span><div class=\"saber-mas-box\"><span class=\"saber-mas\"><span class=\"sm\">Saber m\u00e9s<\/span><span class=\"pl oculto\">Plegar<\/span><\/span><div class=\"contenido-box\"><div class=\"contenido\">En les costes valencianes hi ha abund\u00e0ncia de mol\u00b7luscos i mariscos, la qual cosa ens serveix d'excusa per a donar-li m\u00e9s protagonisme a la planxa amb els productes que el mercat ens ofereix dia a dia. Simplement cuidem la seua textura i els assaonem per a ressaltar el seu sabor.\r\n<ul>\r\n \t<li>Proximitat i comer\u00e7 local<\/li>\r\n<\/ul><\/div><\/div><\/div><\/div><div class=\"item lv-grid\"><span class=\"titulo\">Gamba roja de la costa valenciana a la planxa<\/span><span class=\"precio\">2,75 \u20ac<\/span><div class=\"saber-mas-box\"><span class=\"saber-mas\"><span class=\"sm\">Saber m\u00e9s<\/span><span class=\"pl oculto\">Plegar<\/span><\/span><div class=\"contenido-box\"><div class=\"contenido\">En les costes valencianes hi ha abund\u00e0ncia de mol\u00b7luscos i mariscos, la qual cosa ens serveix d'excusa per a donar-li m\u00e9s protagonisme a la planxa amb els productes que el mercat ens ofereix dia a dia. Simplement cuidem la seua textura i els assaonem per a ressaltar el seu sabor.\r\n<ul>\r\n \t<li>Proximitat i comer\u00e7 local<\/li>\r\n<\/ul><\/div><\/div><\/div><\/div><div class=\"item lv-grid\"><span class=\"titulo\">Sepionet de la costa valenciana a la planxa en la seua tinta<\/span><span class=\"precio\">11,80 \u20ac<\/span><div class=\"saber-mas-box\"><span class=\"saber-mas\"><span class=\"sm\">Saber m\u00e9s<\/span><span class=\"pl oculto\">Plegar<\/span><\/span><div class=\"contenido-box\"><div class=\"contenido\">En les costes valencianes hi ha abund\u00e0ncia de mol\u00b7luscos i mariscos, la qual cosa ens serveix d'excusa per a donar-li m\u00e9s protagonisme a la planxa amb els productes que el mercat ens ofereix dia a dia. Simplement cuidem la seua textura i els assaonem per a ressaltar el seu sabor.\r\n<ul>\r\n \t<li>Proximitat i comer\u00e7 local<\/li>\r\n<\/ul><\/div><\/div><\/div><\/div><div class=\"item lv-grid\"><span class=\"titulo\">Punteta arrebossada de la Costa Valenciana<\/span><span class=\"precio\">10,80 \u20ac<\/span><\/div><div class=\"item lv-grid\"><span class=\"titulo\">Cl\u00f2txines valencianes al vapor (plateret)<\/span><span class=\"precio\">6.40 \u20ac<\/span><div class=\"saber-mas-box\"><span class=\"saber-mas\"><span class=\"sm\">Saber m\u00e9s<\/span><span class=\"pl oculto\">Plegar<\/span><\/span><div class=\"contenido-box\"><div class=\"contenido\">Aprenem sobre l'evoluci\u00f3, els processos i les condicions climatol\u00f2giques que, en conjunt, s\u00f3n la causa de les caracter\u00edstiques organol\u00e8ptiques d'aquest producte tan sol\u00b7licitat. Ens agrada formar part del relat i poder transmetre'l als nostres clients, ra\u00f3 per la qual visitem les bats i som testimonis de la campanya i la temporada de la cl\u00f2txina.\r\n<ul>\r\n \t<li>Temporada, proximitat i comer\u00e7 local<\/li>\r\n<\/ul><\/div><\/div><\/div><\/div><div class=\"item lv-grid\"><span class=\"titulo\">Cl\u00f2txines valencianes al vapor (plat)<\/span><span class=\"precio\">12.80 \u20ac<\/span><div class=\"saber-mas-box\"><span class=\"saber-mas\"><span class=\"sm\">Saber m\u00e9s<\/span><span class=\"pl oculto\">Plegar<\/span><\/span><div class=\"contenido-box\"><div class=\"contenido\">Aprenem sobre l'evoluci\u00f3, els processos i les condicions climatol\u00f2giques que, en conjunt, s\u00f3n la causa de les caracter\u00edstiques organol\u00e8ptiques d'aquest producte tan sol\u00b7licitat. Ens agrada formar part del relat i poder transmetre'l als nostres clients, ra\u00f3 per la qual visitem les bats i som testimonis de la campanya i la temporada de la cl\u00f2txina.\r\n<ul>\r\n \t<li>Temporada, proximitat i comer\u00e7 local<\/li>\r\n<\/ul><\/div><\/div><\/div><\/div><div class=\"item lv-grid\"><span class=\"titulo\">Escopinyes al vapor D.O. Ries Gallegues (plat)<\/span><span class=\"precio\">9.85 \u20ac<\/span><\/div><div class=\"item lv-grid\"><span class=\"titulo\">S\u00e8pia amb ceba (plat)<\/span><span class=\"precio\">11.50 \u20ac<\/span><\/div><div class=\"item lv-grid\"><span class=\"titulo\">Verat en escabetx amb fesols del Confit de Viver<\/span><span class=\"precio\">8.30 \u20ac<\/span><div class=\"saber-mas-box\"><span class=\"saber-mas\"><span class=\"sm\">Saber m\u00e9s<\/span><span class=\"pl oculto\">Plegar<\/span><\/span><div class=\"contenido-box\"><div class=\"contenido\">El fesol del Confit est\u00e0 caracteritzat pel seu sabor i una delicada textura i sabor, especialment suau i cremosa. A fi d'aportar valor al treball dels agricultors, la Cooperativa de Viver s'ha dedicat a recuperar aquest llegum tradicional de la nostra zona que corria un gran perill d'extingir-se. D'altra banda, a partir d'un verat fresc de les costes valencianes i la quantitat precisa de vinagre obtenim un escabetx fi.\r\n<ul>\r\n \t<li>Patrimoni gastron\u00f2mic<\/li>\r\n \t<li>Proximitat i comer\u00e7 local<\/li>\r\n<\/ul><\/div><\/div><\/div><\/div><div class=\"item lv-grid\"><span class=\"titulo\">Caviar: Osetra Acipenser 50gr<\/span><span class=\"precio\">82 \u20ac<\/span><\/div><div class=\"item lv-grid\"><span class=\"titulo\">Caviar: Baerii Royal 30gr<\/span><span class=\"precio\">46 \u20ac<\/span><\/div><div class=\"item lv-grid\"><span class=\"titulo\">Caviar: Baerii Royal Ahumado 30gr<\/span><span class=\"precio\">54 \u20ac<\/span><\/div><\/div><\/div><\/div><div class=\"tipocarta-box\"><div class=\"titulotipocarta lv-grid\"><h3>Les nostres conserves<\/h3><div class=\"signo\"><span class=\"mas\">+<\/span><span class=\"menos oculto\">-<\/span><\/div><\/div><div class=\"tipocarta-padre\"><div class=\"tipocarta\"><div class=\"item lv-grid\"><span class=\"titulo\">Musclos D.O. Ries Galleges 4u<\/span><span class=\"precio\">36.90 \u20ac<\/span><\/div><div class=\"item lv-grid\"><span class=\"titulo\">Escopinyes D. O. R\u00edas Gallegas delicatessen (30-35 unidades)<\/span><span class=\"precio\">21.50 \u20ac<\/span><\/div><div class=\"item lv-grid\"><span class=\"titulo\">Combinat delicatessen D. O. R\u00edas Gallegas<\/span><span class=\"precio\">42.50 \u20ac<\/span><\/div><div class=\"item lv-grid\"><span class=\"titulo\">Navalles D. O. R\u00edas Gallegas extra (4-6 unitats)<\/span><span class=\"precio\">17.90 \u20ac<\/span><\/div><div class=\"item lv-grid\"><span class=\"titulo\">Musclos D.O. Ries Gallegues (unitat)<\/span><span class=\"precio\">2.50 \u20ac<\/span><\/div><div class=\"item lv-grid\"><span class=\"titulo\">Musclos D.O. Ries Gallegues (6-8 unitats)<\/span><span class=\"precio\">19.40 \u20ac<\/span><\/div><div class=\"item lv-grid\"><span class=\"titulo\">Musclos D.O. Ries Gallegues (4-6 unitats)<\/span><span class=\"precio\">25.95 \u20ac<\/span><\/div><div class=\"item lv-grid\"><span class=\"titulo\">Ventresca de Bon\u00edtol<\/span><span class=\"precio\">19.80 \u20ac<\/span><\/div><div class=\"item lv-grid\"><span class=\"titulo\">Calamarons en la seua tinta (6-8 unidades)<\/span><span class=\"precio\">14.60 \u20ac<\/span><\/div><div class=\"item lv-grid\"><span class=\"titulo\">Sardinetes en oli<\/span><span class=\"precio\">6.80 \u20ac<\/span><\/div><\/div><\/div><\/div><div class=\"tipocarta-box\"><div class=\"titulotipocarta lv-grid\"><h3>Carns, embotits i productes curats<\/h3><div class=\"signo\"><span class=\"mas\">+<\/span><span class=\"menos oculto\">-<\/span><\/div><\/div><div class=\"tipocarta-padre\"><div class=\"tipocarta\"><div class=\"item lv-grid\"><span class=\"titulo\">Pernil de gla 100% ra\u00e7a Ib\u00e8rica etiqueta negra (Platet)<\/span><span class=\"precio\">16.40 \u20ac<\/span><\/div><div class=\"item lv-grid\"><span class=\"titulo\">Pernil de gla 100% ra\u00e7a Ib\u00e8rica etiqueta negra (Plat)<\/span><span class=\"precio\">25.60 \u20ac<\/span><\/div><div class=\"item lv-grid\"><span class=\"titulo\">Cecina de Lle\u00f3 amanida (Platet)<\/span><span class=\"precio\">7.90 \u20ac<\/span><\/div><div class=\"item lv-grid\"><span class=\"titulo\">Botifarra de Burgos (Montadito)<\/span><span class=\"precio\">2.80 \u20ac<\/span><\/div><div class=\"item lv-grid\"><span class=\"titulo\">Llom de gla 100% ra\u00e7a Ib\u00e8rica (Platet)<\/span><span class=\"precio\">11.50 \u20ac<\/span><\/div><div class=\"item lv-grid\"><span class=\"titulo\">Xori\u00e7o de Zamora<\/span><span class=\"precio\">7.45 \u20ac<\/span><\/div><div class=\"item lv-grid\"><span class=\"titulo\">Llonganissa valenciana<\/span><span class=\"precio\">2.60 \u20ac<\/span><div class=\"saber-mas-box\"><span class=\"saber-mas\"><span class=\"sm\">Saber m\u00e9s<\/span><span class=\"pl oculto\">Plegar<\/span><\/span><div class=\"contenido-box\"><div class=\"contenido\">Amb m\u00e9s de 100 anys de tradici\u00f3, Casa Toribio ha sigut reconeguda en repetides ocasions per la seua qualitat i bon fer, destacant per l'elaboraci\u00f3 de productes amb m\u00ednims de greix, aigua i additius.\r\n<ul>\r\n \t<li>Premis Artesania C.V i Doc. Qualificaci\u00f3 Artesana C.V<\/li>\r\n \t<li>Proximitat i comer\u00e7 local<\/li>\r\n<\/ul><\/div><\/div><\/div><\/div><div class=\"item lv-grid\"><span class=\"titulo\">Txistorra de Irura (Unidad)<\/span><span class=\"precio\">2.60 \u20ac<\/span><\/div><div class=\"item lv-grid\"><span class=\"titulo\">Xori\u00e7o artes\u00e0 a la sidra (Unitat)<\/span><span class=\"precio\">2,80 \u20ac<\/span><\/div><div class=\"item lv-grid\"><span class=\"titulo\">Guatlla en escabetx<\/span><span class=\"precio\">6.65 \u20ac<\/span><\/div><div class=\"item lv-grid\"><span class=\"titulo\">Filet de \u2018bov\u00ed especial\u2019 trinxat amb alls tendres (Plat)<\/span><span class=\"precio\">23,90 \u20ac<\/span><\/div><\/div><\/div><\/div><div class=\"tipocarta-box\"><div class=\"titulotipocarta lv-grid\"><h3>Els nostres formatges<\/h3><div class=\"signo\"><span class=\"mas\">+<\/span><span class=\"menos oculto\">-<\/span><\/div><\/div><div class=\"tipocarta-padre\"><div class=\"tipocarta\"><div class=\"item lv-grid\"><span class=\"titulo\">Selecci\u00f3 de 3 formatges per persona<\/span><span class=\"precio\">3.45 \u20ac<\/span><\/div><div class=\"item lv-grid\"><span class=\"titulo\">Formatge d&#8217;ovella amb t\u00f2fona del Maestrat (Plat)<\/span><span class=\"precio\">13.80 \u20ac<\/span><\/div><div class=\"item lv-grid\"><span class=\"titulo\">Formatge d&#8217;ovella amb t\u00f2fona del Maestrat (Platet)<\/span><span class=\"precio\">6.90 \u20ac<\/span><\/div><div class=\"item lv-grid\"><span class=\"titulo\">Formatge de cabra amb mel de pebrots (barqueta)<\/span><span class=\"precio\">2.95 \u20ac<\/span><\/div><div class=\"item lv-grid\"><span class=\"titulo\">Formatge curat d\u2019ovella de La Manxa \u2018Dehesa de los Llanos\u2019 Gran Reserva (plateret)<\/span><span class=\"precio\">6.90 \u20ac<\/span><\/div><div class=\"item lv-grid\"><span class=\"titulo\">Formatge curat d\u2019ovella de La Manxa \u2018Dehesa de los Llanos\u2019 Gran Reserva (plat)<\/span><span class=\"precio\">13.80 \u20ac<\/span><\/div><div class=\"item lv-grid\"><span class=\"titulo\">Formatge de la Serra d\u2019Espad\u00e0 \u2018Els Corrals\u2019 (plateret)<\/span><span class=\"precio\">6.90 \u20ac<\/span><div class=\"saber-mas-box\"><span class=\"saber-mas\"><span class=\"sm\">Saber m\u00e9s<\/span><span class=\"pl oculto\">Plegar<\/span><\/span><div class=\"contenido-box\"><div class=\"contenido\">Elaborat a partir de llet crua d'ovella, reflecteix la producci\u00f3 formatgera d'antany, amb ramats de proximitat que fomenten la selecci\u00f3 de races productores entre ramaders i pastors, assegurant la utilitzaci\u00f3 di\u00e0ria de la llet munyida. Parlem d'una manipulaci\u00f3 artesana, amb formatges que es formen a m\u00e0, un a un, madurant-se en caves sobre prestatgeries de fusta.\r\n<ul>\r\n \t<li>Proximitat i comer\u00e7 local<\/li>\r\n \t<li>Fermentats aut\u00f2ctons<\/li>\r\n<\/ul><\/div><\/div><\/div><\/div><div class=\"item lv-grid\"><span class=\"titulo\">Formatge de la Serra d\u2019Espad\u00e0 \u2018Els Corrals\u2019 (plat)<\/span><span class=\"precio\">13.80 \u20ac<\/span><div class=\"saber-mas-box\"><span class=\"saber-mas\"><span class=\"sm\">Saber m\u00e9s<\/span><span class=\"pl oculto\">Plegar<\/span><\/span><div class=\"contenido-box\"><div class=\"contenido\">Elaborat a partir de llet crua d'ovella, reflecteix la producci\u00f3 formatgera d'antany, amb ramats de proximitat que fomenten la selecci\u00f3 de races productores entre ramaders i pastors, assegurant la utilitzaci\u00f3 di\u00e0ria de la llet munyida. Parlem d'una manipulaci\u00f3 artesana, amb formatges que es formen a m\u00e0, un a un, madurant-se en caves sobre prestatgeries de fusta.\r\n<ul>\r\n \t<li>Proximitat i comer\u00e7 local<\/li>\r\n \t<li>Fermentats aut\u00f2ctons<\/li>\r\n<\/ul><\/div><\/div><\/div><\/div><\/div><\/div><\/div><div class=\"tipocarta-box\"><div class=\"titulotipocarta lv-grid\"><h3>Pa artes\u00e0<\/h3><div class=\"signo\"><span class=\"mas\">+<\/span><span class=\"menos oculto\">-<\/span><\/div><\/div><div class=\"tipocarta-padre\"><div class=\"tipocarta\"><div class=\"item lv-grid\"><span class=\"titulo\">Pa artes\u00e0 del forn San Bartolom\u00e9<\/span><span class=\"precio\">1.50 \u20ac<\/span><\/div><div class=\"item lv-grid\"><span class=\"titulo\">Pa artes\u00e0, sense gluten, del forn San Bartolom\u00e9<\/span><span class=\"precio\">1.50 \u20ac<\/span><\/div><\/div><\/div><\/div><div class=\"tipocarta-box\"><div class=\"titulotipocarta lv-grid\"><h3>Dol\u00e7os i postres<\/h3><div class=\"signo\"><span class=\"mas\">+<\/span><span class=\"menos oculto\">-<\/span><\/div><\/div><div class=\"tipocarta-padre\"><div class=\"tipocarta\"><div class=\"item lv-grid\"><span class=\"titulo\">Past\u00eds Huesca (past\u00eds fi de crema d\u2019avellanes i ametlles)<\/span><span class=\"precio\">4.80 \u20ac<\/span><\/div><div class=\"item lv-grid\"><span class=\"titulo\">Flamet amb melmelada de tomaca de varietat tradicional<\/span><span class=\"precio\">2.65 \u20ac<\/span><\/div><div class=\"item lv-grid\"><span class=\"titulo\">Flamet sense melmelada<\/span><span class=\"precio\">2.45 \u20ac<\/span><\/div><div class=\"item lv-grid\"><span class=\"titulo\">Pionono de Santa Fe<\/span><span class=\"precio\">3.75 \u20ac<\/span><\/div><div class=\"item lv-grid\"><span class=\"titulo\">Past\u00eds de formatge de Casa Monta\u00f1a amb el seu codony i gelea<\/span><span class=\"precio\">5.90 \u20ac<\/span><\/div><div class=\"item lv-grid\"><span class=\"titulo\">Suc natural de Taronja valenciana<\/span><span class=\"precio\">2.95 \u20ac<\/span><\/div><div class=\"item lv-grid\"><span class=\"titulo\">T\u00f2fona artesana de xocolate<\/span><span class=\"precio\">2,50 \u20ac<\/span><\/div><div class=\"item lv-grid\"><span class=\"titulo\">Past\u00eds de mousse de llima<\/span><span class=\"precio\">6,70 \u20ac<\/span><\/div><div class=\"item lv-grid\"><span class=\"titulo\">Past\u00eds de mousse de torr\u00f3<\/span><span class=\"precio\">5,90 \u20ac<\/span><\/div><div class=\"item lv-grid\"><span class=\"titulo\">Postres artesanes de taronja valenciana de temporada<\/span><span class=\"precio\">5.90 \u20ac<\/span><div class=\"saber-mas-box\"><span class=\"saber-mas\"><span class=\"sm\">Saber m\u00e9s<\/span><span class=\"pl oculto\">Plegar<\/span><\/span><div class=\"contenido-box\"><div class=\"contenido\">La taronja \u00e9s la fruita protagonista de les postres d'hivern. La temporada comen\u00e7a al novembre i arriba quasi al mes de juny, i nosaltres ens esforcem per promoure-la en diferents formats de presentaci\u00f3. Es tracta d'unes postres lleugeres i fresques amb un equilibri perfecte entre acidesa i dol\u00e7or.\r\n<ul>\r\n \t<li>IGP C\u00edtrics Valencians<\/li>\r\n \t<li>Temporada, proximitat i comer\u00e7 local<\/li>\r\n<\/ul><\/div><\/div><\/div><\/div><div class=\"item lv-grid\"><span class=\"titulo\">Taronja valenciana natural trinxada<\/span><span class=\"precio\">5.75 \u20ac<\/span><\/div><div class=\"item lv-grid\"><span class=\"titulo\">Maduixetes silvestres de Canals amb nata (segons temporada)<\/span><span class=\"precio\">4.20 \u20ac<\/span><\/div><div class=\"item lv-grid\"><span class=\"titulo\">Cireres d\u00b4Arag\u00f3 (Segons temporada)<\/span><span class=\"precio\">4.00 \u20ac<\/span><\/div><\/div><\/div><\/div><div class=\"tipocarta-box\"><div class=\"titulotipocarta lv-grid\"><h3>Caf\u00e9s i infusions a granel d&#039;herboristeria<\/h3><div class=\"signo\"><span class=\"mas\">+<\/span><span class=\"menos oculto\">-<\/span><\/div><\/div><div class=\"tipocarta-padre\"><div class=\"tipocarta\"><div class=\"item lv-grid\"><span class=\"titulo\">Caf\u00e9 expr\u00e9s<\/span><span class=\"precio\">1.80 \u20ac<\/span><\/div><div class=\"item lv-grid\"><span class=\"titulo\">Caf\u00e9 descafe\u00efnat expr\u00e9s<\/span><span class=\"precio\">1.80 \u20ac<\/span><\/div><div class=\"item lv-grid\"><span class=\"titulo\">Tallat expr\u00e9s<\/span><span class=\"precio\">1.90 \u20ac<\/span><\/div><div class=\"item lv-grid\"><span class=\"titulo\">Tallat descafe\u00efnat expr\u00e9s<\/span><span class=\"precio\">1.90 \u20ac<\/span><\/div><div class=\"item lv-grid\"><span class=\"titulo\">Caf\u00e9 tocat expr\u00e9s<\/span><span class=\"precio\">2.00 \u20ac<\/span><\/div><div class=\"item lv-grid\"><span class=\"titulo\">Caf\u00e9 tocat descafe\u00efnat expr\u00e9s<\/span><span class=\"precio\">2.00 \u20ac<\/span><\/div><div class=\"item lv-grid\"><span class=\"titulo\">Bomb\u00f3<\/span><span class=\"precio\">2.00 \u20ac<\/span><\/div><div class=\"item lv-grid\"><span class=\"titulo\">Cremaet<\/span><span class=\"precio\">2.50 \u20ac<\/span><\/div><div class=\"item lv-grid\"><span class=\"titulo\">Cremaet descaf\u00efnat<\/span><span class=\"precio\">2.50 \u20ac<\/span><\/div><div class=\"item lv-grid\"><span class=\"titulo\">Til\u00b7la<\/span><span class=\"precio\">2.45 \u20ac<\/span><\/div><div class=\"item lv-grid\"><span class=\"titulo\">Camamil\u00b7la<\/span><span class=\"precio\">2.45 \u20ac<\/span><\/div><div class=\"item lv-grid\"><span class=\"titulo\">Menta Poliol<\/span><span class=\"precio\">2.45 \u20ac<\/span><\/div><div class=\"item lv-grid\"><span class=\"titulo\">T\u00e9 (verd o negre)<\/span><span class=\"precio\">2.45 \u20ac<\/span><\/div><div class=\"item lv-grid\"><span class=\"titulo\">Infusi\u00f3 Rooibos (sense te\u00efna)<\/span><span class=\"precio\">2.45 \u20ac<\/span><\/div><div class=\"item lv-grid\"><span class=\"titulo\">Infusi\u00f3 relaxant (25% til\u00b7la, 50% flor del taronger, 25% mariallu\u00efsa)<\/span><span class=\"precio\">2.45 \u20ac<\/span><\/div><div class=\"item lv-grid\"><span class=\"titulo\">Infusi\u00f3 estimulant (65% t\u00e9 negre, 25% regal\u00edssia, 10% canyella)<\/span><span class=\"precio\">2.45 \u20ac<\/span><\/div><div class=\"item lv-grid\"><span class=\"titulo\">Infusi\u00f3 antioxidant (50% t\u00e9 verd, 25% hibisc, 25% gavarrera)<\/span><span class=\"precio\">2.45 \u20ac<\/span><\/div><div class=\"item lv-grid\"><span class=\"titulo\">Caf\u00e8 amb llet<\/span><span class=\"precio\">2.00 \u20ac<\/span><\/div><div class=\"item lv-grid\"><span class=\"titulo\">Infusi\u00f3 digestiva (25% t\u00e9 de roca sense te\u00efna, 25% menta poliol, 25% boldo, 25% an\u00eds estrellat)<\/span><span class=\"precio\">2.45 \u20ac<\/span><\/div><\/div><\/div><\/div><\/div><\/div><style type=\"text\/css\">.fusion-body .fusion-builder-column-6{width:100% !important;margin-top : 0px;margin-bottom : 20px;}.fusion-builder-column-6 > .fusion-column-wrapper {padding-top : 0px !important;padding-right : 0px !important;margin-right : 1.92%;padding-bottom : 0px !important;padding-left : 0px !important;margin-left : 1.92%;}@media only screen and (max-width:1024px) {.fusion-body .fusion-builder-column-6{width:100% !important;order : 0;}.fusion-builder-column-6 > .fusion-column-wrapper {margin-right : 1.92%;margin-left : 1.92%;}}@media only screen and (max-width:640px) {.fusion-body .fusion-builder-column-6{width:100% !important;order : 0;}.fusion-builder-column-6 > .fusion-column-wrapper {margin-right : 1.92%;margin-left : 1.92%;}}<\/style><\/div><\/div><style type=\"text\/css\">.fusion-body .fusion-flex-container.fusion-builder-row-2{ padding-top : 0px;margin-top : 0px;padding-right : 0px;padding-bottom : 0px;margin-bottom : 0px;padding-left : 0px;}<\/style><\/div><div class=\"fusion-fullwidth fullwidth-box fusion-builder-row-3 fusion-flex-container nonhundred-percent-fullwidth non-hundred-percent-height-scrolling\" style=\"background-color: rgba(255,255,255,0);background-position: center center;background-repeat: no-repeat;border-width: 0px 0px 0px 0px;border-color:#e2e2e2;border-style:solid;\" ><div class=\"fusion-builder-row fusion-row fusion-flex-align-items-flex-start\" style=\"max-width:875.68px;margin-left: calc(-4% \/ 2 );margin-right: calc(-4% \/ 2 );\"><div class=\"fusion-layout-column fusion_builder_column fusion-builder-column-7 fusion_builder_column_1_1 1_1 fusion-flex-column\"><div class=\"fusion-column-wrapper fusion-flex-justify-content-flex-start fusion-content-layout-column\" style=\"background-position:left top;background-repeat:no-repeat;-webkit-background-size:cover;-moz-background-size:cover;-o-background-size:cover;background-size:cover;padding: 0px 0px 0px 0px;\"><div class=\"fusion-text fusion-text-3\"><p style=\"text-align: center;\">Les opcions sense gluten, vegetarianes i veganes de les nostres tapes estan disponibles a la nostra <strong><a style=\"text-decoration: underline;\" href=\"https:\/\/app.mondemenu.com\/menus\/casamontana?lang=VAL\">Carta de Hui<\/a><\/strong><\/p>\n<\/div><\/div><style type=\"text\/css\">.fusion-body .fusion-builder-column-7{width:100% !important;margin-top : 0px;margin-bottom : 20px;}.fusion-builder-column-7 > .fusion-column-wrapper {padding-top : 0px !important;padding-right : 0px !important;margin-right : 1.92%;padding-bottom : 0px !important;padding-left : 0px !important;margin-left : 1.92%;}@media only screen and (max-width:1024px) {.fusion-body .fusion-builder-column-7{width:100% !important;order : 0;}.fusion-builder-column-7 > .fusion-column-wrapper {margin-right : 1.92%;margin-left : 1.92%;}}@media only screen and (max-width:640px) {.fusion-body .fusion-builder-column-7{width:100% !important;order : 0;}.fusion-builder-column-7 > .fusion-column-wrapper {margin-right : 1.92%;margin-left : 1.92%;}}<\/style><\/div><div class=\"fusion-layout-column fusion_builder_column fusion-builder-column-8 fusion_builder_column_1_1 1_1 fusion-flex-column\"><div class=\"fusion-column-wrapper fusion-flex-justify-content-flex-start fusion-content-layout-column\" style=\"background-position:left top;background-repeat:no-repeat;-webkit-background-size:cover;-moz-background-size:cover;-o-background-size:cover;background-size:cover;padding: 0px 0px 0px 0px;\"><div style=\"text-align:center;\"><span class=\" fusion-imageframe imageframe-none imageframe-2 hover-type-none\"><img decoding=\"async\" width=\"426\" height=\"237\" title=\"colaboracio-turisme\" src=\"https:\/\/www.emilianobodega.com\/wp-content\/uploads\/2022\/11\/colaboracio-turisme.png\" class=\"img-responsive wp-image-29685\" srcset=\"https:\/\/www.emilianobodega.com\/wp-content\/uploads\/2022\/11\/colaboracio-turisme-200x111.png 200w, https:\/\/www.emilianobodega.com\/wp-content\/uploads\/2022\/11\/colaboracio-turisme.png 426w\" sizes=\"(max-width: 640px) 100vw, 426px\" \/><\/span><\/div><\/div><style type=\"text\/css\">.fusion-body .fusion-builder-column-8{width:100% !important;margin-top : 0px;margin-bottom : 20px;}.fusion-builder-column-8 > .fusion-column-wrapper {padding-top : 0px !important;padding-right : 0px !important;margin-right : 1.92%;padding-bottom : 0px !important;padding-left : 0px !important;margin-left : 1.92%;}@media only screen and (max-width:1024px) {.fusion-body .fusion-builder-column-8{width:100% !important;order : 0;}.fusion-builder-column-8 > .fusion-column-wrapper {margin-right : 1.92%;margin-left : 1.92%;}}@media only screen and (max-width:640px) {.fusion-body .fusion-builder-column-8{width:100% !important;order : 0;}.fusion-builder-column-8 > .fusion-column-wrapper {margin-right : 1.92%;margin-left : 1.92%;}}<\/style><\/div><\/div><style type=\"text\/css\">.fusion-body .fusion-flex-container.fusion-builder-row-3{ padding-top : 0px;margin-top : 0px;padding-right : 0px;padding-bottom : 0px;margin-bottom : 0px;padding-left : 0px;}<\/style><\/div><\/p>\n","protected":false},"excerpt":{"rendered":"","protected":false},"author":36802,"featured_media":7986,"parent":0,"menu_order":0,"comment_status":"closed","ping_status":"closed","template":"","meta":{"footnotes":""},"class_list":["post-7985","page","type-page","status-publish","has-post-thumbnail","hentry"],"yoast_head":"<!-- This site is optimized with the Yoast SEO plugin v26.2 - https:\/\/yoast.com\/wordpress\/plugins\/seo\/ -->\n<title>Carta - Casa Monta\u00f1a<\/title>\n<meta name=\"robots\" content=\"index, follow, max-snippet:-1, max-image-preview:large, max-video-preview:-1\" \/>\n<link rel=\"canonical\" href=\"https:\/\/www.emilianobodega.com\/ca\/carta\/\" \/>\n<meta property=\"og:locale\" content=\"ca_ES\" \/>\n<meta property=\"og:type\" content=\"article\" \/>\n<meta property=\"og:title\" content=\"Carta - Casa Monta\u00f1a\" \/>\n<meta property=\"og:url\" content=\"https:\/\/www.emilianobodega.com\/ca\/carta\/\" \/>\n<meta property=\"og:site_name\" content=\"Casa Monta\u00f1a\" \/>\n<meta property=\"article:modified_time\" content=\"2024-11-08T13:16:54+00:00\" \/>\n<meta property=\"og:image\" content=\"https:\/\/www.emilianobodega.com\/wp-content\/uploads\/2021\/06\/7P8A4413.jpg\" \/>\n\t<meta property=\"og:image:width\" content=\"1600\" \/>\n\t<meta property=\"og:image:height\" content=\"1067\" \/>\n\t<meta property=\"og:image:type\" content=\"image\/jpeg\" \/>\n<meta name=\"twitter:card\" content=\"summary_large_image\" \/>\n<meta name=\"twitter:label1\" content=\"Temps estimat de lectura\" \/>\n\t<meta name=\"twitter:data1\" content=\"13 minuts\" \/>\n<script type=\"application\/ld+json\" class=\"yoast-schema-graph\">{\"@context\":\"https:\/\/schema.org\",\"@graph\":[{\"@type\":\"WebPage\",\"@id\":\"https:\/\/www.emilianobodega.com\/ca\/carta\/\",\"url\":\"https:\/\/www.emilianobodega.com\/ca\/carta\/\",\"name\":\"Carta - Casa Monta\u00f1a\",\"isPartOf\":{\"@id\":\"https:\/\/www.emilianobodega.com\/ca\/#website\"},\"primaryImageOfPage\":{\"@id\":\"https:\/\/www.emilianobodega.com\/ca\/carta\/#primaryimage\"},\"image\":{\"@id\":\"https:\/\/www.emilianobodega.com\/ca\/carta\/#primaryimage\"},\"thumbnailUrl\":\"https:\/\/www.emilianobodega.com\/wp-content\/uploads\/2021\/06\/7P8A4413.jpg\",\"datePublished\":\"2021-04-08T08:24:04+00:00\",\"dateModified\":\"2024-11-08T13:16:54+00:00\",\"breadcrumb\":{\"@id\":\"https:\/\/www.emilianobodega.com\/ca\/carta\/#breadcrumb\"},\"inLanguage\":\"ca\",\"potentialAction\":[{\"@type\":\"ReadAction\",\"target\":[\"https:\/\/www.emilianobodega.com\/ca\/carta\/\"]}]},{\"@type\":\"ImageObject\",\"inLanguage\":\"ca\",\"@id\":\"https:\/\/www.emilianobodega.com\/ca\/carta\/#primaryimage\",\"url\":\"https:\/\/www.emilianobodega.com\/wp-content\/uploads\/2021\/06\/7P8A4413.jpg\",\"contentUrl\":\"https:\/\/www.emilianobodega.com\/wp-content\/uploads\/2021\/06\/7P8A4413.jpg\",\"width\":1600,\"height\":1067},{\"@type\":\"BreadcrumbList\",\"@id\":\"https:\/\/www.emilianobodega.com\/ca\/carta\/#breadcrumb\",\"itemListElement\":[{\"@type\":\"ListItem\",\"position\":1,\"name\":\"Home\",\"item\":\"https:\/\/www.emilianobodega.com\/ca\/\"},{\"@type\":\"ListItem\",\"position\":2,\"name\":\"Carta\"}]},{\"@type\":\"WebSite\",\"@id\":\"https:\/\/www.emilianobodega.com\/ca\/#website\",\"url\":\"https:\/\/www.emilianobodega.com\/ca\/\",\"name\":\"Casa Monta\u00f1a\",\"description\":\"Emiliano Bodega Casa Monta\u00f1a en Valencia\",\"potentialAction\":[{\"@type\":\"SearchAction\",\"target\":{\"@type\":\"EntryPoint\",\"urlTemplate\":\"https:\/\/www.emilianobodega.com\/ca\/?s={search_term_string}\"},\"query-input\":{\"@type\":\"PropertyValueSpecification\",\"valueRequired\":true,\"valueName\":\"search_term_string\"}}],\"inLanguage\":\"ca\"}]}<\/script>\n<!-- \/ Yoast SEO plugin. -->","yoast_head_json":{"title":"Carta - Casa Monta\u00f1a","robots":{"index":"index","follow":"follow","max-snippet":"max-snippet:-1","max-image-preview":"max-image-preview:large","max-video-preview":"max-video-preview:-1"},"canonical":"https:\/\/www.emilianobodega.com\/ca\/carta\/","og_locale":"ca_ES","og_type":"article","og_title":"Carta - Casa Monta\u00f1a","og_url":"https:\/\/www.emilianobodega.com\/ca\/carta\/","og_site_name":"Casa Monta\u00f1a","article_modified_time":"2024-11-08T13:16:54+00:00","og_image":[{"width":1600,"height":1067,"url":"https:\/\/www.emilianobodega.com\/wp-content\/uploads\/2021\/06\/7P8A4413.jpg","type":"image\/jpeg"}],"twitter_card":"summary_large_image","twitter_misc":{"Temps estimat de lectura":"13 minuts"},"schema":{"@context":"https:\/\/schema.org","@graph":[{"@type":"WebPage","@id":"https:\/\/www.emilianobodega.com\/ca\/carta\/","url":"https:\/\/www.emilianobodega.com\/ca\/carta\/","name":"Carta - Casa Monta\u00f1a","isPartOf":{"@id":"https:\/\/www.emilianobodega.com\/ca\/#website"},"primaryImageOfPage":{"@id":"https:\/\/www.emilianobodega.com\/ca\/carta\/#primaryimage"},"image":{"@id":"https:\/\/www.emilianobodega.com\/ca\/carta\/#primaryimage"},"thumbnailUrl":"https:\/\/www.emilianobodega.com\/wp-content\/uploads\/2021\/06\/7P8A4413.jpg","datePublished":"2021-04-08T08:24:04+00:00","dateModified":"2024-11-08T13:16:54+00:00","breadcrumb":{"@id":"https:\/\/www.emilianobodega.com\/ca\/carta\/#breadcrumb"},"inLanguage":"ca","potentialAction":[{"@type":"ReadAction","target":["https:\/\/www.emilianobodega.com\/ca\/carta\/"]}]},{"@type":"ImageObject","inLanguage":"ca","@id":"https:\/\/www.emilianobodega.com\/ca\/carta\/#primaryimage","url":"https:\/\/www.emilianobodega.com\/wp-content\/uploads\/2021\/06\/7P8A4413.jpg","contentUrl":"https:\/\/www.emilianobodega.com\/wp-content\/uploads\/2021\/06\/7P8A4413.jpg","width":1600,"height":1067},{"@type":"BreadcrumbList","@id":"https:\/\/www.emilianobodega.com\/ca\/carta\/#breadcrumb","itemListElement":[{"@type":"ListItem","position":1,"name":"Home","item":"https:\/\/www.emilianobodega.com\/ca\/"},{"@type":"ListItem","position":2,"name":"Carta"}]},{"@type":"WebSite","@id":"https:\/\/www.emilianobodega.com\/ca\/#website","url":"https:\/\/www.emilianobodega.com\/ca\/","name":"Casa Monta\u00f1a","description":"Emiliano Bodega Casa Monta\u00f1a en Valencia","potentialAction":[{"@type":"SearchAction","target":{"@type":"EntryPoint","urlTemplate":"https:\/\/www.emilianobodega.com\/ca\/?s={search_term_string}"},"query-input":{"@type":"PropertyValueSpecification","valueRequired":true,"valueName":"search_term_string"}}],"inLanguage":"ca"}]}},"_links":{"self":[{"href":"https:\/\/www.emilianobodega.com\/ca\/wp-json\/wp\/v2\/pages\/7985","targetHints":{"allow":["GET"]}}],"collection":[{"href":"https:\/\/www.emilianobodega.com\/ca\/wp-json\/wp\/v2\/pages"}],"about":[{"href":"https:\/\/www.emilianobodega.com\/ca\/wp-json\/wp\/v2\/types\/page"}],"author":[{"embeddable":true,"href":"https:\/\/www.emilianobodega.com\/ca\/wp-json\/wp\/v2\/users\/36802"}],"replies":[{"embeddable":true,"href":"https:\/\/www.emilianobodega.com\/ca\/wp-json\/wp\/v2\/comments?post=7985"}],"version-history":[{"count":68,"href":"https:\/\/www.emilianobodega.com\/ca\/wp-json\/wp\/v2\/pages\/7985\/revisions"}],"predecessor-version":[{"id":38199,"href":"https:\/\/www.emilianobodega.com\/ca\/wp-json\/wp\/v2\/pages\/7985\/revisions\/38199"}],"wp:featuredmedia":[{"embeddable":true,"href":"https:\/\/www.emilianobodega.com\/ca\/wp-json\/wp\/v2\/media\/7986"}],"wp:attachment":[{"href":"https:\/\/www.emilianobodega.com\/ca\/wp-json\/wp\/v2\/media?parent=7985"}],"curies":[{"name":"wp","href":"https:\/\/api.w.org\/{rel}","templated":true}]}}