
{"id":8003,"date":"2021-04-08T08:25:53","date_gmt":"2021-04-08T08:25:53","guid":{"rendered":"https:\/\/www.emilianobodega.com\/politica-de-privacidad\/"},"modified":"2021-10-20T11:29:30","modified_gmt":"2021-10-20T09:29:30","slug":"politica-de-privacidad","status":"publish","type":"page","link":"https:\/\/www.emilianobodega.com\/ca\/politica-de-privacidad\/","title":{"rendered":"Pol\u00edtica de Privacidad"},"content":{"rendered":"<div class=\"fusion-fullwidth fullwidth-box fusion-builder-row-1 fusion-flex-container nonhundred-percent-fullwidth non-hundred-percent-height-scrolling\" style=\"background-color: rgba(255,255,255,0);background-position: center center;background-repeat: no-repeat;border-width: 0px 0px 0px 0px;border-color:#e2e2e2;border-style:solid;\" ><div class=\"fusion-builder-row fusion-row fusion-flex-align-items-flex-start\" style=\"max-width:875.68px;margin-left: calc(-4% \/ 2 );margin-right: calc(-4% \/ 2 );\"><div class=\"fusion-layout-column fusion_builder_column fusion-builder-column-0 fusion_builder_column_1_1 1_1 fusion-flex-column\"><div class=\"fusion-column-wrapper fusion-flex-justify-content-flex-start fusion-content-layout-column\" style=\"background-position:left top;background-repeat:no-repeat;-webkit-background-size:cover;-moz-background-size:cover;-o-background-size:cover;background-size:cover;padding: 0px 0px 0px 0px;\"><div class=\"fusion-text fusion-text-1\"><p>En este apartado le informamos de c\u00f3mo tratamos los datos de las personas que tienen relaci\u00f3n con nuestra organizaci\u00f3n. Empezando por nuestros principios:<\/p>\n<ul>\n<li>No solicitamos informaci\u00f3n personal, a no ser que sea necesaria para prestarle los servicios que nos requiera.<\/li>\n<li>Nunca compartimos informaci\u00f3n personal con nadie, excepto para cumplir la ley, sea necesario para prestarle el servicio o contemos con su autorizaci\u00f3n expresa.<\/li>\n<li>Nunca utilizaremos sus datos personales para finalidades distintas a las expresadas en la presente pol\u00edtica de privacidad.<\/li>\n<li>Sus datos siempre ser\u00e1n tratados con un nivel de protecci\u00f3n adecuado a la legislaci\u00f3n en materia de protecci\u00f3n de datos, y no los someteremos a decisiones automatizadas sin informarle expresamente.<\/li>\n<\/ul>\n<p>La presente pol\u00edtica de privacidad la hemos redactado teniendo en cuenta las exigencias de la actual legislaci\u00f3n de protecci\u00f3n de datos:<\/p>\n<p>\u2013 Reglamento (UE) 2016\/679 del Parlamento Europeo y del Consejo de 27 de abril de 2016 relativo a la protecci\u00f3n de las personas f\u00edsicas (RGPD).<\/p>\n<p>\u2013 Ley Org\u00e1nica 3\/2018, de 5 de diciembre, de Protecci\u00f3n de Datos de Car\u00e1cter Personal y garant\u00eda de los derechos digitales (LOPD).<\/p>\n<p>Si usted es menor de catorce a\u00f1os le rogamos que no nos facilite sus datos sin consentimiento de sus padres.<\/p>\n<p>Le informamos que actualmente trabajamos para garantizar la privacidad en el tratamiento de tus datos personales. Hemos actualizado nuestra Pol\u00edtica de Privacidad para informar claramente de c\u00f3mo recopilamos, utilizamos y custodiamos los datos de las personas que contactan con nuestra Organizaci\u00f3n:<\/p>\n<\/div><style type=\"text\/css\">@media only screen and (max-width:1024px) {.fusion-title.fusion-title-1{margin-top:10px!important; margin-right:0px!important;margin-bottom:15px!important;margin-left:0px!important;}}@media only screen and (max-width:640px) {.fusion-title.fusion-title-1{margin-top:10px!important; margin-right:0px!important;margin-bottom:10px!important; margin-left:0px!important;}}<\/style><div class=\"fusion-title title fusion-title-1 fusion-sep-none fusion-title-text fusion-title-size-two\" style=\"margin-top:10px;margin-right:0px;margin-bottom:15px;margin-left:0px;\"><h2 class=\"title-heading-left\" style=\"margin:0;\">1.- Responsable del Tratamiento<\/h2><\/div><div class=\"fusion-text fusion-text-2\"><p>De conformidad con el REGLAMENTO (UE) 2016\/679 DEL PARLAMENTO EUROPEO Y DEL CONSEJO relativo a la protecci\u00f3n de las personas f\u00edsicas en lo que respecta al tratamiento de datos personales y a la libre circulaci\u00f3n de estos datos (RGPD), as\u00ed como a la Ley Org\u00e1nica de Protecci\u00f3n de Datos Personales y Garant\u00edas de los Derechos Digitales (LO 3\/2018), el Cliente\/Usuario Web, presta su consentimiento al responsable:<\/p>\n<p>MONTA\u00d1A SELECCI\u00d3N, S.L., en adelante \u201cCASA MONTA\u00d1A\u201d, con domicilio social en Jose Benlliure, 66 bajo, 46011, Valencia. CIF: B97556278<\/p>\n<p>Si desea ponerse en contacto con nosotros puede hacerlo en:<\/p>\n<p>E\u2010mail: info@emilianobodega.com<\/p>\n<p>Tel\u00e9fono:(+34) 96 367 23 1<\/p>\n<\/div><style type=\"text\/css\">@media only screen and (max-width:1024px) {.fusion-title.fusion-title-2{margin-top:10px!important; margin-right:0px!important;margin-bottom:15px!important;margin-left:0px!important;}}@media only screen and (max-width:640px) {.fusion-title.fusion-title-2{margin-top:10px!important; margin-right:0px!important;margin-bottom:10px!important; margin-left:0px!important;}}<\/style><div class=\"fusion-title title fusion-title-2 fusion-sep-none fusion-title-text fusion-title-size-two\" style=\"margin-top:10px;margin-right:0px;margin-bottom:15px;margin-left:0px;\"><h2 class=\"title-heading-left\" style=\"margin:0;\">2.- Finalidad por la tratamos tus Datos Personales<\/h2><\/div><div class=\"fusion-text fusion-text-3\"><p>Tratamos la informaci\u00f3n que nos facilitan las personas interesadas con el fin de gestionar las reservas, solicitud de informaci\u00f3n y compras que realicen en la web, as\u00ed como para mantener el contacto con los clientes, o bien remitirle Newsletter de Casa Monta\u00f1a, si as\u00ed usted nos lo solicita mediante el formulario de inscripci\u00f3n.<\/p>\n<p>ORIGEN DE SUS DATOS: Los datos personales que tratamos proceden del propio interesado.<\/p>\n<p>CATEGORIAS DE DATOS: Los datos tratados a trav\u00e9s de la web son: Nombre, direcci\u00f3n de correo electr\u00f3nico y tel\u00e9fono. Direcci\u00f3n postal en las entregas de las compras.<\/p>\n<\/div><style type=\"text\/css\">@media only screen and (max-width:1024px) {.fusion-title.fusion-title-3{margin-top:10px!important; margin-right:0px!important;margin-bottom:15px!important;margin-left:0px!important;}}@media only screen and (max-width:640px) {.fusion-title.fusion-title-3{margin-top:10px!important; margin-right:0px!important;margin-bottom:10px!important; margin-left:0px!important;}}<\/style><div class=\"fusion-title title fusion-title-3 fusion-sep-none fusion-title-text fusion-title-size-two\" style=\"margin-top:10px;margin-right:0px;margin-bottom:15px;margin-left:0px;\"><h2 class=\"title-heading-left\" style=\"margin:0;\">3.- Pol\u00edtica de conservaci\u00f3n de datos<\/h2><\/div><div class=\"fusion-text fusion-text-4\"><p>Los datos que env\u00ede a trav\u00e9s de nuestro formulario de reservas ser\u00e1n tratados de forma confidencial y quedar\u00e1n incorporados a la correspondiente actividad de tratamiento y titularidad de nuestra entidad.<\/p>\n<p>Solicitamos aquellos datos imprescindibles para atender su solicitud de reserva, facturar si realiza una compra o contrataci\u00f3n o mantener la relaci\u00f3n con su persona en caso de que lo solicite o cuando nos veamos obligados para poder prestarle los servicios y\/o atender sus compras en este sitio web.<\/p>\n<p>Sus datos personales ser\u00e1n tratados con la \u00fanica finalidad de atender sus solicitudes, principalmente reservas.<\/p>\n<p>Si usted desea ejercitar sus derechos de acceso, rectificaci\u00f3n, limitaci\u00f3n de tratamiento, supresi\u00f3n (\u201cderecho al olvido\u201d), portabilidad, oposici\u00f3n y revocaci\u00f3n en los t\u00e9rminos que establece la normativa vigente y aplicable en materia de protecci\u00f3n de datos, dirija su petici\u00f3n a la direcci\u00f3n postal Calle Jos\u00e9 Benlliure, 67 \u00b7 46011 Valencia o bien enviando un email con el asunto RGPD y su solicitud al correo\u00a0<a href=\"mailto:info@emilianobodega.com\">info@emilianobodega.com<\/a><\/p>\n<\/div><style type=\"text\/css\">@media only screen and (max-width:1024px) {.fusion-title.fusion-title-4{margin-top:10px!important; margin-right:0px!important;margin-bottom:15px!important;margin-left:0px!important;}}@media only screen and (max-width:640px) {.fusion-title.fusion-title-4{margin-top:10px!important; margin-right:0px!important;margin-bottom:10px!important; margin-left:0px!important;}}<\/style><div class=\"fusion-title title fusion-title-4 fusion-sep-none fusion-title-text fusion-title-size-two\" style=\"margin-top:10px;margin-right:0px;margin-bottom:15px;margin-left:0px;\"><h2 class=\"title-heading-left\" style=\"margin:0;\">4.- Tiempo de Conservaci\u00f3n<\/h2><\/div><div class=\"fusion-text fusion-text-5\"><p>Para usuarios web: 3 a\u00f1os, para mantener el contacto comercial con usted.<\/p>\n<p>Para clientes de compras:<\/p>\n<p>Los datos se conservar\u00e1n mientras se mantenga la relaci\u00f3n con usted, y en su caso, durante los a\u00f1os necesarios para cumplir con las obligaciones legales.<\/p>\n<p>Datos facturas y documentos bancarios: Plazo a efectos mercantiles, que ser\u00e1 de 6 a\u00f1os seg\u00fan establece el C\u00f3digo de Comercio, y el plazo a efectos fiscales, establecido en 4 a\u00f1os por la Ley General Tributaria.<\/p>\n<\/div><style type=\"text\/css\">@media only screen and (max-width:1024px) {.fusion-title.fusion-title-5{margin-top:10px!important; margin-right:0px!important;margin-bottom:15px!important;margin-left:0px!important;}}@media only screen and (max-width:640px) {.fusion-title.fusion-title-5{margin-top:10px!important; margin-right:0px!important;margin-bottom:10px!important; margin-left:0px!important;}}<\/style><div class=\"fusion-title title fusion-title-5 fusion-sep-none fusion-title-text fusion-title-size-two\" style=\"margin-top:10px;margin-right:0px;margin-bottom:15px;margin-left:0px;\"><h2 class=\"title-heading-left\" style=\"margin:0;\">5.- Legitimaci\u00f3n para el tratamiento de sus datos<\/h2><\/div><div class=\"fusion-text fusion-text-6\"><p>Le indicamos la base legal para el tratamiento de sus datos:<\/p>\n<ul>\n<li>Consentimiento otorgado por el titular de los datos: para la gesti\u00f3n de las consultas<br \/>\nremitidas mediante la web.<\/li>\n<li>Legitimaci\u00f3n por ejecuci\u00f3n de un contrato: para la gesti\u00f3n y env\u00edo de los productos.<\/li>\n<li>Tratamiento de datos en cumplimiento de una obligaci\u00f3n legal.<\/li>\n<li>Y en todo caso por el inter\u00e9s leg\u00edtimo del Responsable del Tratamiento.<\/li>\n<\/ul>\n<p>CESIONES DE DATOS: No se ceder\u00e1n datos a terceros, salvo obligaci\u00f3n legal, y en casos en que resulte necesario o conveniente para la eficacia de la gesti\u00f3n a realizar, a empresas de mensajer\u00eda para repartos a domicilio en su caso.<\/p>\n<\/div><style type=\"text\/css\">@media only screen and (max-width:1024px) {.fusion-title.fusion-title-6{margin-top:10px!important; margin-right:0px!important;margin-bottom:15px!important;margin-left:0px!important;}}@media only screen and (max-width:640px) {.fusion-title.fusion-title-6{margin-top:10px!important; margin-right:0px!important;margin-bottom:10px!important; margin-left:0px!important;}}<\/style><div class=\"fusion-title title fusion-title-6 fusion-sep-none fusion-title-text fusion-title-size-two\" style=\"margin-top:10px;margin-right:0px;margin-bottom:15px;margin-left:0px;\"><h2 class=\"title-heading-left\" style=\"margin:0;\">6.- Derechos sobre sus datos<\/h2><\/div><div class=\"fusion-text fusion-text-7\"><p>Cualquier persona tiene derecho a obtener confirmaci\u00f3n sobre si el responsable est\u00e1 tratando datos personales que les conciernan, o no.<\/p>\n<p>Las personas interesadas tienen derecho a acceder a sus datos personales, as\u00ed como a solicitar la rectificaci\u00f3n de los datos inexactos o, en su caso, solicitar su supresi\u00f3n cuando, entre otros motivos, los datos ya no sean necesarios para los fines que fueron recogidos.<\/p>\n<p>En determinadas circunstancias, los interesados podr\u00e1n solicitar la limitaci\u00f3n del tratamiento de sus datos, en cuyo caso \u00fanicamente los conservaremos para el ejercicio o la defensa de reclamaciones.<\/p>\n<p>En determinadas circunstancias y por motivos relacionados con su situaci\u00f3n particular, los interesados podr\u00e1n oponerse al tratamiento de sus datos. En este caso, CASA MONTA\u00d1A dejar\u00e1 de tratar los datos, salvo por motivos leg\u00edtimos imperiosos, o el ejercicio o la defensa de posibles reclamaciones.<\/p>\n<p>Podr\u00e1 ejercitar materialmente sus derechos de la siguiente forma: Tiene derecho a acceder, rectificar y suprimir los datos, as\u00ed como otros derechos, indicados en la informaci\u00f3n adicional, que puede ejercer dirigi\u00e9ndose a la direcci\u00f3n del responsable del tratamiento Si ha otorgado su consentimiento para alguna finalidad concreta, tiene derecho a retirar el consentimiento otorgado en cualquier momento, sin que ello afecte a la licitud del tratamiento basado en el consentimiento previo a su retirada.<\/p>\n<p><strong>DATOS DE CONTACTO PARA EL EJERCICIO DE DERECHOS SOBRE SUS DATOS:<\/strong><br \/>\nDirecci\u00f3n de email: info@emilianobodega.com<\/p>\n<p>En caso de que sienta vulnerados sus derechos en lo concerniente a la protecci\u00f3n de sus datos personales, especialmente cuando no haya obtenido satisfacci\u00f3n en el ejercicio de sus derechos, puede presentar una reclamaci\u00f3n ante la Autoridad de Control en materia de Protecci\u00f3n de Datos competente a trav\u00e9s de su sitio web: www.agpd.es.<\/p>\n<\/div><style type=\"text\/css\">@media only screen and (max-width:1024px) {.fusion-title.fusion-title-7{margin-top:10px!important; margin-right:0px!important;margin-bottom:15px!important;margin-left:0px!important;}}@media only screen and (max-width:640px) {.fusion-title.fusion-title-7{margin-top:10px!important; margin-right:0px!important;margin-bottom:10px!important; margin-left:0px!important;}}<\/style><div class=\"fusion-title title fusion-title-7 fusion-sep-none fusion-title-text fusion-title-size-two\" style=\"margin-top:10px;margin-right:0px;margin-bottom:15px;margin-left:0px;\"><h2 class=\"title-heading-left\" style=\"margin:0;\">7.- Medidas de Seguridad<\/h2><\/div><div class=\"fusion-text fusion-text-8\"><p>Le informamos que hemos adoptado en nuestro sistema de informaci\u00f3n las medidas t\u00e9cnicas y organizativas legalmente requeridas, a fin de garantizar la seguridad y confidencialidad de los datos almacenados, evitando as\u00ed, en la medida de lo posible, su alteraci\u00f3n, p\u00e9rdida, tratamiento o acceso no autorizado.<\/p>\n<\/div><\/div><style type=\"text\/css\">.fusion-body .fusion-builder-column-0{width:100% !important;margin-top : 0px;margin-bottom : 20px;}.fusion-builder-column-0 > .fusion-column-wrapper {padding-top : 0px !important;padding-right : 0px !important;margin-right : 1.92%;padding-bottom : 0px !important;padding-left : 0px !important;margin-left : 1.92%;}@media only screen and (max-width:1024px) {.fusion-body .fusion-builder-column-0{width:100% !important;order : 0;}.fusion-builder-column-0 > .fusion-column-wrapper {margin-right : 1.92%;margin-left : 1.92%;}}@media only screen and (max-width:640px) {.fusion-body .fusion-builder-column-0{width:100% !important;order : 0;}.fusion-builder-column-0 > .fusion-column-wrapper {margin-right : 1.92%;margin-left : 1.92%;}}<\/style><\/div><\/div><style type=\"text\/css\">.fusion-body .fusion-flex-container.fusion-builder-row-1{ padding-top : 0px;margin-top : 0px;padding-right : 0px;padding-bottom : 0px;margin-bottom : 0px;padding-left : 0px;}<\/style><\/div>\n","protected":false},"excerpt":{"rendered":"","protected":false},"author":36802,"featured_media":0,"parent":0,"menu_order":0,"comment_status":"closed","ping_status":"closed","template":"","meta":{"footnotes":""},"class_list":["post-8003","page","type-page","status-publish","hentry"],"yoast_head":"<!-- This site is optimized with the Yoast SEO plugin v26.2 - https:\/\/yoast.com\/wordpress\/plugins\/seo\/ -->\n<title>Pol\u00edtica de Privacidad - Casa Monta\u00f1a<\/title>\n<meta name=\"robots\" content=\"index, follow, max-snippet:-1, max-image-preview:large, max-video-preview:-1\" \/>\n<link rel=\"canonical\" href=\"https:\/\/www.emilianobodega.com\/ca\/politica-de-privacidad\/\" \/>\n<meta property=\"og:locale\" content=\"ca_ES\" \/>\n<meta property=\"og:type\" content=\"article\" \/>\n<meta property=\"og:title\" content=\"Pol\u00edtica de Privacidad - Casa Monta\u00f1a\" \/>\n<meta property=\"og:url\" content=\"https:\/\/www.emilianobodega.com\/ca\/politica-de-privacidad\/\" \/>\n<meta property=\"og:site_name\" content=\"Casa Monta\u00f1a\" \/>\n<meta property=\"article:modified_time\" content=\"2021-10-20T09:29:30+00:00\" \/>\n<meta name=\"twitter:card\" content=\"summary_large_image\" \/>\n<meta name=\"twitter:label1\" content=\"Temps estimat de lectura\" \/>\n\t<meta name=\"twitter:data1\" content=\"17 minuts\" \/>\n<script type=\"application\/ld+json\" class=\"yoast-schema-graph\">{\"@context\":\"https:\/\/schema.org\",\"@graph\":[{\"@type\":\"WebPage\",\"@id\":\"https:\/\/www.emilianobodega.com\/ca\/politica-de-privacidad\/\",\"url\":\"https:\/\/www.emilianobodega.com\/ca\/politica-de-privacidad\/\",\"name\":\"Pol\u00edtica de Privacidad - Casa Monta\u00f1a\",\"isPartOf\":{\"@id\":\"https:\/\/www.emilianobodega.com\/ca\/#website\"},\"datePublished\":\"2021-04-08T08:25:53+00:00\",\"dateModified\":\"2021-10-20T09:29:30+00:00\",\"breadcrumb\":{\"@id\":\"https:\/\/www.emilianobodega.com\/ca\/politica-de-privacidad\/#breadcrumb\"},\"inLanguage\":\"ca\",\"potentialAction\":[{\"@type\":\"ReadAction\",\"target\":[\"https:\/\/www.emilianobodega.com\/ca\/politica-de-privacidad\/\"]}]},{\"@type\":\"BreadcrumbList\",\"@id\":\"https:\/\/www.emilianobodega.com\/ca\/politica-de-privacidad\/#breadcrumb\",\"itemListElement\":[{\"@type\":\"ListItem\",\"position\":1,\"name\":\"Home\",\"item\":\"https:\/\/www.emilianobodega.com\/ca\/\"},{\"@type\":\"ListItem\",\"position\":2,\"name\":\"Pol\u00edtica de Privacidad\"}]},{\"@type\":\"WebSite\",\"@id\":\"https:\/\/www.emilianobodega.com\/ca\/#website\",\"url\":\"https:\/\/www.emilianobodega.com\/ca\/\",\"name\":\"Casa Monta\u00f1a\",\"description\":\"Emiliano Bodega Casa Monta\u00f1a en Valencia\",\"potentialAction\":[{\"@type\":\"SearchAction\",\"target\":{\"@type\":\"EntryPoint\",\"urlTemplate\":\"https:\/\/www.emilianobodega.com\/ca\/?s={search_term_string}\"},\"query-input\":{\"@type\":\"PropertyValueSpecification\",\"valueRequired\":true,\"valueName\":\"search_term_string\"}}],\"inLanguage\":\"ca\"}]}<\/script>\n<!-- \/ Yoast SEO plugin. -->","yoast_head_json":{"title":"Pol\u00edtica de Privacidad - Casa Monta\u00f1a","robots":{"index":"index","follow":"follow","max-snippet":"max-snippet:-1","max-image-preview":"max-image-preview:large","max-video-preview":"max-video-preview:-1"},"canonical":"https:\/\/www.emilianobodega.com\/ca\/politica-de-privacidad\/","og_locale":"ca_ES","og_type":"article","og_title":"Pol\u00edtica de Privacidad - Casa Monta\u00f1a","og_url":"https:\/\/www.emilianobodega.com\/ca\/politica-de-privacidad\/","og_site_name":"Casa Monta\u00f1a","article_modified_time":"2021-10-20T09:29:30+00:00","twitter_card":"summary_large_image","twitter_misc":{"Temps estimat de lectura":"17 minuts"},"schema":{"@context":"https:\/\/schema.org","@graph":[{"@type":"WebPage","@id":"https:\/\/www.emilianobodega.com\/ca\/politica-de-privacidad\/","url":"https:\/\/www.emilianobodega.com\/ca\/politica-de-privacidad\/","name":"Pol\u00edtica de Privacidad - Casa Monta\u00f1a","isPartOf":{"@id":"https:\/\/www.emilianobodega.com\/ca\/#website"},"datePublished":"2021-04-08T08:25:53+00:00","dateModified":"2021-10-20T09:29:30+00:00","breadcrumb":{"@id":"https:\/\/www.emilianobodega.com\/ca\/politica-de-privacidad\/#breadcrumb"},"inLanguage":"ca","potentialAction":[{"@type":"ReadAction","target":["https:\/\/www.emilianobodega.com\/ca\/politica-de-privacidad\/"]}]},{"@type":"BreadcrumbList","@id":"https:\/\/www.emilianobodega.com\/ca\/politica-de-privacidad\/#breadcrumb","itemListElement":[{"@type":"ListItem","position":1,"name":"Home","item":"https:\/\/www.emilianobodega.com\/ca\/"},{"@type":"ListItem","position":2,"name":"Pol\u00edtica de Privacidad"}]},{"@type":"WebSite","@id":"https:\/\/www.emilianobodega.com\/ca\/#website","url":"https:\/\/www.emilianobodega.com\/ca\/","name":"Casa Monta\u00f1a","description":"Emiliano Bodega Casa Monta\u00f1a en Valencia","potentialAction":[{"@type":"SearchAction","target":{"@type":"EntryPoint","urlTemplate":"https:\/\/www.emilianobodega.com\/ca\/?s={search_term_string}"},"query-input":{"@type":"PropertyValueSpecification","valueRequired":true,"valueName":"search_term_string"}}],"inLanguage":"ca"}]}},"_links":{"self":[{"href":"https:\/\/www.emilianobodega.com\/ca\/wp-json\/wp\/v2\/pages\/8003","targetHints":{"allow":["GET"]}}],"collection":[{"href":"https:\/\/www.emilianobodega.com\/ca\/wp-json\/wp\/v2\/pages"}],"about":[{"href":"https:\/\/www.emilianobodega.com\/ca\/wp-json\/wp\/v2\/types\/page"}],"author":[{"embeddable":true,"href":"https:\/\/www.emilianobodega.com\/ca\/wp-json\/wp\/v2\/users\/36802"}],"replies":[{"embeddable":true,"href":"https:\/\/www.emilianobodega.com\/ca\/wp-json\/wp\/v2\/comments?post=8003"}],"version-history":[{"count":1,"href":"https:\/\/www.emilianobodega.com\/ca\/wp-json\/wp\/v2\/pages\/8003\/revisions"}],"predecessor-version":[{"id":8004,"href":"https:\/\/www.emilianobodega.com\/ca\/wp-json\/wp\/v2\/pages\/8003\/revisions\/8004"}],"wp:attachment":[{"href":"https:\/\/www.emilianobodega.com\/ca\/wp-json\/wp\/v2\/media?parent=8003"}],"curies":[{"name":"wp","href":"https:\/\/api.w.org\/{rel}","templated":true}]}}