
{"id":20740,"date":"2021-10-14T12:00:01","date_gmt":"2021-10-14T10:00:01","guid":{"rendered":"https:\/\/www.emilianobodega.com\/nuestro-compromiso-con-la-diversidad-y-la-inclusion\/"},"modified":"2022-06-16T13:40:53","modified_gmt":"2022-06-16T11:40:53","slug":"our-commitment-to-diversity-and-inclusion","status":"publish","type":"page","link":"https:\/\/www.emilianobodega.com\/en\/our-commitment-to-diversity-and-inclusion\/","title":{"rendered":"Our commitment to diversity and inclusi\u00f3n"},"content":{"rendered":"<p><div class=\"fusion-fullwidth fullwidth-box fusion-builder-row-1 fusion-flex-container contacto-direccion-horario nonhundred-percent-fullwidth non-hundred-percent-height-scrolling\" style=\"background-color: rgba(255,255,255,0);background-position: center center;background-repeat: no-repeat;border-width: 0px 0px 0px 0px;border-color:#e2e2e2;border-style:solid;\" ><div class=\"fusion-builder-row fusion-row fusion-flex-align-items-flex-start\" style=\"max-width:875.68px;margin-left: calc(-4% \/ 2 );margin-right: calc(-4% \/ 2 );\"><div class=\"fusion-layout-column fusion_builder_column fusion-builder-column-0 fusion_builder_column_1_1 1_1 fusion-flex-column\"><div class=\"fusion-column-wrapper fusion-flex-justify-content-flex-start fusion-content-layout-column\" style=\"background-position:left top;background-repeat:no-repeat;-webkit-background-size:cover;-moz-background-size:cover;-o-background-size:cover;background-size:cover;padding: 0px 0px 0px 0px;\"><style type=\"text\/css\">@media only screen and (max-width:1024px) {.fusion-title.fusion-title-1{margin-top:10px!important; margin-right:0px!important;margin-bottom:15px!important;margin-left:0px!important;}}@media only screen and (max-width:640px) {.fusion-title.fusion-title-1{margin-top:10px!important; margin-right:0px!important;margin-bottom:10px!important; margin-left:0px!important;}}<\/style><div class=\"fusion-title title fusion-title-1 fusion-sep-none fusion-title-text fusion-title-size-two linea titulo-linea titulo-contacto\" style=\"margin-top:10px;margin-right:0px;margin-bottom:15px;margin-left:0px;\"><h2 class=\"title-heading-left\" style=\"margin:0;\">Disabled parking badges near the restaurant<\/h2><\/div><\/div><style type=\"text\/css\">.fusion-body .fusion-builder-column-0{width:100% !important;margin-top : 0px;margin-bottom : 20px;}.fusion-builder-column-0 > .fusion-column-wrapper {padding-top : 0px !important;padding-right : 0px !important;margin-right : 1.92%;padding-bottom : 0px !important;padding-left : 0px !important;margin-left : 1.92%;}@media only screen and (max-width:1024px) {.fusion-body .fusion-builder-column-0{width:100% !important;order : 0;}.fusion-builder-column-0 > .fusion-column-wrapper {margin-right : 1.92%;margin-left : 1.92%;}}@media only screen and (max-width:640px) {.fusion-body .fusion-builder-column-0{width:100% !important;order : 0;}.fusion-builder-column-0 > .fusion-column-wrapper {margin-right : 1.92%;margin-left : 1.92%;}}<\/style><\/div><div class=\"fusion-layout-column fusion_builder_column fusion-builder-column-1 fusion_builder_column_1_1 1_1 fusion-flex-column\"><div class=\"fusion-column-wrapper fusion-flex-justify-content-flex-start fusion-content-layout-column\" style=\"background-position:left top;background-repeat:no-repeat;-webkit-background-size:cover;-moz-background-size:cover;-o-background-size:cover;background-size:cover;padding: 0px 0px 0px 0px;\"><div class=\"fusion-text fusion-text-1\"><p><a href=\"https:\/\/goo.gl\/maps\/uuiAUExbdyABHf4KA\">C. del Rosario, 72, 46011 Valencia<\/a><br \/>\n<a href=\"https:\/\/goo.gl\/maps\/CKF4FXpHGQYYnsdk7\">C. Padre Luis Navarro, 24, 46011 Valencia<\/a><br \/>\n<a href=\"https:\/\/goo.gl\/maps\/nUbhhjFTAbyx8euYA\">Pl. Calabuig, 38, 46011 Valencia<\/a><br \/>\n<a href=\"https:\/\/goo.gl\/maps\/E3HsDbqx7xN5amQ7A\">C. Ernesto Anastasio, 46011 Valencia<\/a><\/p>\n<p><b>*If you require a taxi adapted for people with reduced mobility, please do not hesitate to ask us.<\/b><\/p>\n<\/div><\/div><style type=\"text\/css\">.fusion-body .fusion-builder-column-1{width:100% !important;margin-top : 0px;margin-bottom : 20px;}.fusion-builder-column-1 > .fusion-column-wrapper {padding-top : 0px !important;padding-right : 0px !important;margin-right : 1.92%;padding-bottom : 0px !important;padding-left : 0px !important;margin-left : 1.92%;}@media only screen and (max-width:1024px) {.fusion-body .fusion-builder-column-1{width:100% !important;order : 0;}.fusion-builder-column-1 > .fusion-column-wrapper {margin-right : 1.92%;margin-left : 1.92%;}}@media only screen and (max-width:640px) {.fusion-body .fusion-builder-column-1{width:100% !important;order : 0;}.fusion-builder-column-1 > .fusion-column-wrapper {margin-right : 1.92%;margin-left : 1.92%;}}<\/style><\/div><\/div><style type=\"text\/css\">.fusion-body .fusion-flex-container.fusion-builder-row-1{ padding-top : 0px;margin-top : 0px;padding-right : 0px;padding-bottom : 0px;margin-bottom : 0px;padding-left : 0px;}<\/style><\/div><div class=\"fusion-fullwidth fullwidth-box fusion-builder-row-2 fusion-flex-container contacto-direccion-horario nonhundred-percent-fullwidth non-hundred-percent-height-scrolling\" style=\"background-color: rgba(255,255,255,0);background-position: center center;background-repeat: no-repeat;border-width: 0px 0px 0px 0px;border-color:#e2e2e2;border-style:solid;\" ><div class=\"fusion-builder-row fusion-row fusion-flex-align-items-flex-start\" style=\"max-width:875.68px;margin-left: calc(-4% \/ 2 );margin-right: calc(-4% \/ 2 );\"><div class=\"fusion-layout-column fusion_builder_column fusion-builder-column-2 fusion_builder_column_1_1 1_1 fusion-flex-column\"><div class=\"fusion-column-wrapper fusion-flex-justify-content-flex-start fusion-content-layout-column\" style=\"background-position:left top;background-repeat:no-repeat;-webkit-background-size:cover;-moz-background-size:cover;-o-background-size:cover;background-size:cover;padding: 0px 0px 0px 0px;\"><style type=\"text\/css\">@media only screen and (max-width:1024px) {.fusion-title.fusion-title-2{margin-top:10px!important; margin-right:0px!important;margin-bottom:15px!important;margin-left:0px!important;}}@media only screen and (max-width:640px) {.fusion-title.fusion-title-2{margin-top:10px!important; margin-right:0px!important;margin-bottom:10px!important; margin-left:0px!important;}}<\/style><div class=\"fusion-title title fusion-title-2 fusion-sep-none fusion-title-text fusion-title-size-two linea titulo-linea titulo-contacto\" style=\"margin-top:10px;margin-right:0px;margin-bottom:15px;margin-left:0px;\"><h2 class=\"title-heading-left\" style=\"margin:0;\">Access to the restaurant and infrastructure<\/h2><\/div><\/div><style type=\"text\/css\">.fusion-body .fusion-builder-column-2{width:100% !important;margin-top : 0px;margin-bottom : 20px;}.fusion-builder-column-2 > .fusion-column-wrapper {padding-top : 0px !important;padding-right : 0px !important;margin-right : 1.92%;padding-bottom : 0px !important;padding-left : 0px !important;margin-left : 1.92%;}@media only screen and (max-width:1024px) {.fusion-body .fusion-builder-column-2{width:100% !important;order : 0;}.fusion-builder-column-2 > .fusion-column-wrapper {margin-right : 1.92%;margin-left : 1.92%;}}@media only screen and (max-width:640px) {.fusion-body .fusion-builder-column-2{width:100% !important;order : 0;}.fusion-builder-column-2 > .fusion-column-wrapper {margin-right : 1.92%;margin-left : 1.92%;}}<\/style><\/div><div class=\"fusion-layout-column fusion_builder_column fusion-builder-column-3 fusion_builder_column_1_1 1_1 fusion-flex-column\"><div class=\"fusion-column-wrapper fusion-flex-justify-content-flex-start fusion-content-layout-column\" style=\"background-position:left top;background-repeat:no-repeat;-webkit-background-size:cover;-moz-background-size:cover;-o-background-size:cover;background-size:cover;padding: 0px 0px 0px 0px;\"><div class=\"fusion-text fusion-text-2\"><p>At the entrance of Calle Escalante n\u00ba94, we have an automatic opening door and an accessible ramp. We have an accessible table that can be requested through the web or by calling us.<br \/>\nWe have acoustically isolated the different rooms to avoid noise from outside, echoes and reverberations inside the premises, which can make communication with our clients difficult.<br \/>\nThe lighting of the premises is uniform and we try to avoid strong contrasts that disorient or dazzle.<br \/>\nThe visual signaling, strategically placed, is precise and clear, with standardized pictograms, color contrasts and appropriate character sizes.<br \/>\n<a href=\"\/wp-content\/uploads\/2021\/10\/Ficha_Basica_Servicios_de_Restauracion_Ed.1_Rev.0.pdf\" target=\"_blank\" rel=\"noopener\">Descargar Ficha B\u00e1sica de Accesibilidad ICTE<\/a><\/p>\n<\/div><\/div><style type=\"text\/css\">.fusion-body .fusion-builder-column-3{width:100% !important;margin-top : 0px;margin-bottom : 20px;}.fusion-builder-column-3 > .fusion-column-wrapper {padding-top : 0px !important;padding-right : 0px !important;margin-right : 1.92%;padding-bottom : 0px !important;padding-left : 0px !important;margin-left : 1.92%;}@media only screen and (max-width:1024px) {.fusion-body .fusion-builder-column-3{width:100% !important;order : 0;}.fusion-builder-column-3 > .fusion-column-wrapper {margin-right : 1.92%;margin-left : 1.92%;}}@media only screen and (max-width:640px) {.fusion-body .fusion-builder-column-3{width:100% !important;order : 0;}.fusion-builder-column-3 > .fusion-column-wrapper {margin-right : 1.92%;margin-left : 1.92%;}}<\/style><\/div><\/div><style type=\"text\/css\">.fusion-body .fusion-flex-container.fusion-builder-row-2{ padding-top : 0px;margin-top : 0px;padding-right : 0px;padding-bottom : 0px;margin-bottom : 0px;padding-left : 0px;}<\/style><\/div><div class=\"fusion-fullwidth fullwidth-box fusion-builder-row-3 fusion-flex-container nonhundred-percent-fullwidth non-hundred-percent-height-scrolling\" style=\"background-color: rgba(255,255,255,0);background-position: center center;background-repeat: no-repeat;border-width: 0px 0px 0px 0px;border-color:#e2e2e2;border-style:solid;\" ><div class=\"fusion-builder-row fusion-row fusion-flex-align-items-flex-start\" style=\"max-width:875.68px;margin-left: calc(-4% \/ 2 );margin-right: calc(-4% \/ 2 );\"><div class=\"fusion-layout-column fusion_builder_column fusion-builder-column-4 fusion_builder_column_1_1 1_1 fusion-flex-column\"><div class=\"fusion-column-wrapper fusion-flex-justify-content-flex-start fusion-content-layout-column\" style=\"background-position:left top;background-repeat:no-repeat;-webkit-background-size:cover;-moz-background-size:cover;-o-background-size:cover;background-size:cover;padding: 0px 0px 0px 0px;\"><style type=\"text\/css\">@media only screen and (max-width:1024px) {.fusion-title.fusion-title-3{margin-top:10px!important; margin-right:0px!important;margin-bottom:15px!important;margin-left:0px!important;}}@media only screen and (max-width:640px) {.fusion-title.fusion-title-3{margin-top:10px!important; margin-right:0px!important;margin-bottom:10px!important; margin-left:0px!important;}}<\/style><div class=\"fusion-title title fusion-title-3 fusion-sep-none fusion-title-text fusion-title-size-two linea titulo-linea titulo-contacto\" style=\"margin-top:10px;margin-right:0px;margin-bottom:15px;margin-left:0px;\"><h2 class=\"title-heading-left\" style=\"margin:0;\">Menu<\/h2><\/div><\/div><style type=\"text\/css\">.fusion-body .fusion-builder-column-4{width:100% !important;margin-top : 0px;margin-bottom : 20px;}.fusion-builder-column-4 > .fusion-column-wrapper {padding-top : 0px !important;padding-right : 0px !important;margin-right : 1.92%;padding-bottom : 0px !important;padding-left : 0px !important;margin-left : 1.92%;}@media only screen and (max-width:1024px) {.fusion-body .fusion-builder-column-4{width:100% !important;order : 0;}.fusion-builder-column-4 > .fusion-column-wrapper {margin-right : 1.92%;margin-left : 1.92%;}}@media only screen and (max-width:640px) {.fusion-body .fusion-builder-column-4{width:100% !important;order : 0;}.fusion-builder-column-4 > .fusion-column-wrapper {margin-right : 1.92%;margin-left : 1.92%;}}<\/style><\/div><div class=\"fusion-layout-column fusion_builder_column fusion-builder-column-5 fusion_builder_column_1_1 1_1 fusion-flex-column\"><div class=\"fusion-column-wrapper fusion-flex-justify-content-flex-start fusion-content-layout-column\" style=\"background-position:left top;background-repeat:no-repeat;-webkit-background-size:cover;-moz-background-size:cover;-o-background-size:cover;background-size:cover;padding: 0px 0px 0px 0px;\"><div class=\"fusion-text fusion-text-3\"><p>Our menu is available through different media such as the web and the restaurant&#8217;s QR codes and IPads.<br \/>\nOur gastronomic offer includes the allergens described in regulation 1169\/2011 on consumer information.<br \/>\nWe are on the list of safe establishments of ACECOVA (Association of Celiacs of the Valencian Community). In addition, we offer gluten-free, vegetarian and vegan tasting set menus, with a selection of our tapas made with traditional varieties recovered from the Valencian Community, and seasonal and organic products.<\/p>\n<\/div><\/div><style type=\"text\/css\">.fusion-body .fusion-builder-column-5{width:100% !important;margin-top : 0px;margin-bottom : 20px;}.fusion-builder-column-5 > .fusion-column-wrapper {padding-top : 0px !important;padding-right : 0px !important;margin-right : 1.92%;padding-bottom : 0px !important;padding-left : 0px !important;margin-left : 1.92%;}@media only screen and (max-width:1024px) {.fusion-body .fusion-builder-column-5{width:100% !important;order : 0;}.fusion-builder-column-5 > .fusion-column-wrapper {margin-right : 1.92%;margin-left : 1.92%;}}@media only screen and (max-width:640px) {.fusion-body .fusion-builder-column-5{width:100% !important;order : 0;}.fusion-builder-column-5 > .fusion-column-wrapper {margin-right : 1.92%;margin-left : 1.92%;}}<\/style><\/div><div class=\"fusion-layout-column fusion_builder_column fusion-builder-column-6 fusion_builder_column_1_1 1_1 fusion-flex-column\"><div class=\"fusion-column-wrapper fusion-flex-justify-content-flex-start fusion-content-layout-column\" style=\"background-position:left top;background-repeat:no-repeat;-webkit-background-size:cover;-moz-background-size:cover;-o-background-size:cover;background-size:cover;padding: 0px 0px 0px 0px;\"><div class=\"fusion-text fusion-text-4\"><p><b>Hear our menu<\/b><\/p>\n<\/div><button id=\"bb1\" type=\"button\" value=\"Play\" class=\"responsivevoice-button\" title=\"ResponsiveVoice Tap to Start\/Stop Speech\"><span>&#128266; Audible Menu<\/span><\/button>\n        <script>\n            bb1.onclick = function(){\n                if(responsiveVoice.isPlaying()){\n                    responsiveVoice.cancel();\n                }else{\n                    responsiveVoice.speak(\"Aceituna Manzanilla, Cac\u00e1us del collaret, Almendras tostadas, Altramuces, Gilda, V-2, Habas estofadas, Habas baby salteadas con jam\u00f3n ib\u00e9rico 100% bellota, Patatas bravas, Ensalada de tomate, Ensaladilla de patata y bonito, Salmorejo, Puerro templado a la vinagreta de tartufo, Revuelto de huevos ecol\u00f3gicos y verdura de temporada, Pimientos de Padr\u00f3n, Pimiento del piquillo relleno, Mollet de Hummus de garrof\u00f3 pintat con pulpo seco, Anchoas de campa\u00f1a del Cant\u00e1brico, Boquer\u00f3n vinagre, Sardina ahumada, Anguila ahumada con brotes y brunoise de verduras, At\u00fan rojo del Mediterr\u00e1neo marinado a las 7 especias, Cl\u00f3chinas valencianas al vapor, Boquer\u00f3n frito de la Bah\u00eda de Castell\u00f3n, Croqueta de bacalao, Brandada de bacalao, Ajoarriero, Berberechos, Navajas, Mejillones Denominaci\u00f3n de Origen R\u00edas Gallegas delicatessen, Navajas Denominaci\u00f3n de Origen R\u00edas Gallegas extra, Ventresca de At\u00fan, Bonito del Norte, Chipirones en su tinta (6-8 unidades) Sardinillas en aceite, Combinado delicatessen Denominaci\u00f3n de Origen R\u00edas Gallegas, Jam\u00f3n de bellota 100% raza Ib\u00e9rica etiqueta negra, Cecina de Le\u00f3n aderezada, Lomo de bellota 100% raza Ib\u00e9rica, Longaniza Valenciana, Txistorra de Irura, Chorizo artesano a la sidra, Morcilla de Burgos, Codorniz en escabeche, Solomillo de \u2018vacuno especial\u2019 trinchado con ajos tiernos, Queso curado de oveja de La Mancha Dehesa de los Llanos, Queso de la Sierra de Espad\u00e1n Los Corrales, Queso de Cabra con miel de pimientos, Queso extreme\u00f1o de cabra madurado con moho, Pastel ruso, de crema de avellanas y almendras, Tocinito de cielo con o sin mermelada de tomate, Trufa artesana de chocolate, Pastel de 3 chocolates, Pastel de mousse de lim\u00f3n o turr\u00f3n, Pionono de Santa Fe, Tarta de queso con membrillo y su jalea.\", \"Spanish Female\");\n                }\n            };\n        <\/script>\n    \n<div class=\"oculto\">Aceituna Manzanilla,\nCac\u00e1us del collaret,\nAlmendras tostadas,\nAltramuces,\nGilda,\nV-2,\nHabas estofadas,\nHabas baby salteadas con jam\u00f3n ib\u00e9rico 100% bellota,\nPatatas bravas,\nEnsalada de tomate,\nEnsaladilla de patata y bonito,\nSalmorejo,\nPuerro templado a la vinagreta de tartufo,\nRevuelto de huevos ecol\u00f3gicos  y verdura de temporada,\nPimientos de Padr\u00f3n,\nPimiento del piquillo relleno,\nMollet de Hummus de garrof\u00f3 pintat con pulpo seco,\nAnchoas de campa\u00f1a del Cant\u00e1brico,\nBoquer\u00f3n vinagre,\nSardina ahumada,\nAnguila ahumada con brotes y brunoise de verduras,\nAt\u00fan rojo del Mediterr\u00e1neo marinado a las 7 especias,\nCl\u00f3chinas valencianas al vapor,\nBoquer\u00f3n frito de la Bah\u00eda de Castell\u00f3n,\nCroqueta de bacalao,\nBrandada de bacalao,\nAjoarriero,\nBerberechos,\nNavajas,\nMejillones Denominaci\u00f3n de Origen R\u00edas Gallegas delicatessen,\nNavajas Denominaci\u00f3n de Origen R\u00edas Gallegas extra,\nVentresca de At\u00fan,\nBonito del Norte,\nChipirones en su tinta (6-8 unidades)\nSardinillas en aceite,\nCombinado delicatessen Denominaci\u00f3n de Origen R\u00edas Gallegas,\nJam\u00f3n de bellota 100% raza Ib\u00e9rica etiqueta negra,\nCecina de Le\u00f3n aderezada,\nLomo de bellota 100% raza Ib\u00e9rica,\nLonganiza Valenciana,\nTxistorra de Irura,\nChorizo artesano a la sidra,\nMorcilla de Burgos,\nCodorniz en escabeche,\nSolomillo de \u2018vacuno especial\u2019 trinchado con ajos tiernos,\nQueso curado de oveja de La Mancha Dehesa de los Llanos,\nQueso de la Sierra de Espad\u00e1n Los Corrales,\nQueso de Cabra con miel de pimientos,\nQueso extreme\u00f1o de cabra madurado con moho,\nPastel ruso, de crema de avellanas y almendras,\nTocinito de cielo con o sin mermelada de tomate,\nTrufa artesana de chocolate,\nPastel de 3 chocolates,\nPastel de mousse de lim\u00f3n o turr\u00f3n,\nPionono de Santa Fe,\nTarta de queso con membrillo y su jalea.<\/div>\n<\/div><style type=\"text\/css\">.fusion-body .fusion-builder-column-6{width:100% !important;margin-top : 0px;margin-bottom : 20px;}.fusion-builder-column-6 > .fusion-column-wrapper {padding-top : 0px !important;padding-right : 0px !important;margin-right : 1.92%;padding-bottom : 0px !important;padding-left : 0px !important;margin-left : 1.92%;}@media only screen and (max-width:1024px) {.fusion-body .fusion-builder-column-6{width:100% !important;order : 0;}.fusion-builder-column-6 > .fusion-column-wrapper {margin-right : 1.92%;margin-left : 1.92%;}}@media only screen and (max-width:640px) {.fusion-body .fusion-builder-column-6{width:100% !important;order : 0;}.fusion-builder-column-6 > .fusion-column-wrapper {margin-right : 1.92%;margin-left : 1.92%;}}<\/style><\/div><\/div><style type=\"text\/css\">.fusion-body .fusion-flex-container.fusion-builder-row-3{ padding-top : 0px;margin-top : 0px;padding-right : 0px;padding-bottom : 0px;margin-bottom : 0px;padding-left : 0px;}<\/style><\/div><div class=\"fusion-fullwidth fullwidth-box fusion-builder-row-4 fusion-flex-container nonhundred-percent-fullwidth non-hundred-percent-height-scrolling\" style=\"background-color: rgba(255,255,255,0);background-position: center center;background-repeat: no-repeat;border-width: 0px 0px 0px 0px;border-color:#e2e2e2;border-style:solid;\" ><div class=\"fusion-builder-row fusion-row fusion-flex-align-items-flex-start\" style=\"max-width:875.68px;margin-left: calc(-4% \/ 2 );margin-right: calc(-4% \/ 2 );\"><div class=\"fusion-layout-column fusion_builder_column fusion-builder-column-7 fusion_builder_column_1_1 1_1 fusion-flex-column\"><div class=\"fusion-column-wrapper fusion-flex-justify-content-flex-start fusion-content-layout-column\" style=\"background-position:left top;background-repeat:no-repeat;-webkit-background-size:cover;-moz-background-size:cover;-o-background-size:cover;background-size:cover;padding: 0px 0px 0px 0px;\"><style type=\"text\/css\">@media only screen and (max-width:1024px) {.fusion-title.fusion-title-4{margin-top:10px!important; margin-right:0px!important;margin-bottom:15px!important;margin-left:0px!important;}}@media only screen and (max-width:640px) {.fusion-title.fusion-title-4{margin-top:10px!important; margin-right:0px!important;margin-bottom:10px!important; margin-left:0px!important;}}<\/style><div class=\"fusion-title title fusion-title-4 fusion-sep-none fusion-title-text fusion-title-size-two linea titulo-linea titulo-contacto\" style=\"margin-top:10px;margin-right:0px;margin-bottom:15px;margin-left:0px;\"><h2 class=\"title-heading-left\" style=\"margin:0;\">Valencian Tourism Code of Ethics<\/h2><\/div><\/div><style type=\"text\/css\">.fusion-body .fusion-builder-column-7{width:100% !important;margin-top : 0px;margin-bottom : 20px;}.fusion-builder-column-7 > .fusion-column-wrapper {padding-top : 0px !important;padding-right : 0px !important;margin-right : 1.92%;padding-bottom : 0px !important;padding-left : 0px !important;margin-left : 1.92%;}@media only screen and (max-width:1024px) {.fusion-body .fusion-builder-column-7{width:100% !important;order : 0;}.fusion-builder-column-7 > .fusion-column-wrapper {margin-right : 1.92%;margin-left : 1.92%;}}@media only screen and (max-width:640px) {.fusion-body .fusion-builder-column-7{width:100% !important;order : 0;}.fusion-builder-column-7 > .fusion-column-wrapper {margin-right : 1.92%;margin-left : 1.92%;}}<\/style><\/div><div class=\"fusion-layout-column fusion_builder_column fusion-builder-column-8 fusion_builder_column_1_1 1_1 fusion-flex-column\"><div class=\"fusion-column-wrapper fusion-flex-justify-content-flex-start fusion-content-layout-column\" style=\"background-position:left top;background-repeat:no-repeat;-webkit-background-size:cover;-moz-background-size:cover;-o-background-size:cover;background-size:cover;padding: 0px 0px 0px 0px;\"><div class=\"fusion-text fusion-text-5\"><p>We assume the Valencian Tourism Code of Ethics, developing the values \u200b\u200bthat make up hospitality and tourism: cordiality, respect, inclusion, sustainability and professionalism.<\/p>\n<\/div><\/div><style type=\"text\/css\">.fusion-body .fusion-builder-column-8{width:100% !important;margin-top : 0px;margin-bottom : 20px;}.fusion-builder-column-8 > .fusion-column-wrapper {padding-top : 0px !important;padding-right : 0px !important;margin-right : 1.92%;padding-bottom : 0px !important;padding-left : 0px !important;margin-left : 1.92%;}@media only screen and (max-width:1024px) {.fusion-body .fusion-builder-column-8{width:100% !important;order : 0;}.fusion-builder-column-8 > .fusion-column-wrapper {margin-right : 1.92%;margin-left : 1.92%;}}@media only screen and (max-width:640px) {.fusion-body .fusion-builder-column-8{width:100% !important;order : 0;}.fusion-builder-column-8 > .fusion-column-wrapper {margin-right : 1.92%;margin-left : 1.92%;}}<\/style><\/div><\/div><style type=\"text\/css\">.fusion-body .fusion-flex-container.fusion-builder-row-4{ padding-top : 0px;margin-top : 0px;padding-right : 0px;padding-bottom : 0px;margin-bottom : 0px;padding-left : 0px;}<\/style><\/div><\/p>\n","protected":false},"excerpt":{"rendered":"","protected":false},"author":36802,"featured_media":0,"parent":0,"menu_order":0,"comment_status":"closed","ping_status":"closed","template":"","meta":{"footnotes":""},"class_list":["post-20740","page","type-page","status-publish","hentry"],"yoast_head":"<!-- This site is optimized with the Yoast SEO plugin v26.2 - https:\/\/yoast.com\/wordpress\/plugins\/seo\/ -->\n<title>Our commitment to diversity and inclusi\u00f3n - Casa Monta\u00f1a<\/title>\n<meta name=\"robots\" content=\"index, follow, max-snippet:-1, max-image-preview:large, max-video-preview:-1\" \/>\n<link rel=\"canonical\" href=\"https:\/\/www.emilianobodega.com\/en\/our-commitment-to-diversity-and-inclusion\/\" \/>\n<meta property=\"og:locale\" content=\"en_US\" \/>\n<meta property=\"og:type\" content=\"article\" \/>\n<meta property=\"og:title\" content=\"Our commitment to diversity and inclusi\u00f3n - Casa Monta\u00f1a\" \/>\n<meta property=\"og:url\" content=\"https:\/\/www.emilianobodega.com\/en\/our-commitment-to-diversity-and-inclusion\/\" \/>\n<meta property=\"og:site_name\" content=\"Casa Monta\u00f1a\" \/>\n<meta property=\"article:modified_time\" content=\"2022-06-16T11:40:53+00:00\" \/>\n<meta name=\"twitter:card\" content=\"summary_large_image\" \/>\n<meta name=\"twitter:label1\" content=\"Est. reading time\" \/>\n\t<meta name=\"twitter:data1\" content=\"9 minutes\" \/>\n<script type=\"application\/ld+json\" class=\"yoast-schema-graph\">{\"@context\":\"https:\/\/schema.org\",\"@graph\":[{\"@type\":\"WebPage\",\"@id\":\"https:\/\/www.emilianobodega.com\/en\/our-commitment-to-diversity-and-inclusion\/\",\"url\":\"https:\/\/www.emilianobodega.com\/en\/our-commitment-to-diversity-and-inclusion\/\",\"name\":\"Our commitment to diversity and inclusi\u00f3n - Casa Monta\u00f1a\",\"isPartOf\":{\"@id\":\"https:\/\/www.emilianobodega.com\/en\/#website\"},\"datePublished\":\"2021-10-14T10:00:01+00:00\",\"dateModified\":\"2022-06-16T11:40:53+00:00\",\"breadcrumb\":{\"@id\":\"https:\/\/www.emilianobodega.com\/en\/our-commitment-to-diversity-and-inclusion\/#breadcrumb\"},\"inLanguage\":\"en-US\",\"potentialAction\":[{\"@type\":\"ReadAction\",\"target\":[\"https:\/\/www.emilianobodega.com\/en\/our-commitment-to-diversity-and-inclusion\/\"]}]},{\"@type\":\"BreadcrumbList\",\"@id\":\"https:\/\/www.emilianobodega.com\/en\/our-commitment-to-diversity-and-inclusion\/#breadcrumb\",\"itemListElement\":[{\"@type\":\"ListItem\",\"position\":1,\"name\":\"Home\",\"item\":\"https:\/\/www.emilianobodega.com\/en\/\"},{\"@type\":\"ListItem\",\"position\":2,\"name\":\"Our commitment to diversity and inclusi\u00f3n\"}]},{\"@type\":\"WebSite\",\"@id\":\"https:\/\/www.emilianobodega.com\/en\/#website\",\"url\":\"https:\/\/www.emilianobodega.com\/en\/\",\"name\":\"Casa Monta\u00f1a\",\"description\":\"Emiliano Bodega Casa Monta\u00f1a en Valencia\",\"potentialAction\":[{\"@type\":\"SearchAction\",\"target\":{\"@type\":\"EntryPoint\",\"urlTemplate\":\"https:\/\/www.emilianobodega.com\/en\/?s={search_term_string}\"},\"query-input\":{\"@type\":\"PropertyValueSpecification\",\"valueRequired\":true,\"valueName\":\"search_term_string\"}}],\"inLanguage\":\"en-US\"}]}<\/script>\n<!-- \/ Yoast SEO plugin. -->","yoast_head_json":{"title":"Our commitment to diversity and inclusi\u00f3n - Casa Monta\u00f1a","robots":{"index":"index","follow":"follow","max-snippet":"max-snippet:-1","max-image-preview":"max-image-preview:large","max-video-preview":"max-video-preview:-1"},"canonical":"https:\/\/www.emilianobodega.com\/en\/our-commitment-to-diversity-and-inclusion\/","og_locale":"en_US","og_type":"article","og_title":"Our commitment to diversity and inclusi\u00f3n - Casa Monta\u00f1a","og_url":"https:\/\/www.emilianobodega.com\/en\/our-commitment-to-diversity-and-inclusion\/","og_site_name":"Casa Monta\u00f1a","article_modified_time":"2022-06-16T11:40:53+00:00","twitter_card":"summary_large_image","twitter_misc":{"Est. reading time":"9 minutes"},"schema":{"@context":"https:\/\/schema.org","@graph":[{"@type":"WebPage","@id":"https:\/\/www.emilianobodega.com\/en\/our-commitment-to-diversity-and-inclusion\/","url":"https:\/\/www.emilianobodega.com\/en\/our-commitment-to-diversity-and-inclusion\/","name":"Our commitment to diversity and inclusi\u00f3n - Casa Monta\u00f1a","isPartOf":{"@id":"https:\/\/www.emilianobodega.com\/en\/#website"},"datePublished":"2021-10-14T10:00:01+00:00","dateModified":"2022-06-16T11:40:53+00:00","breadcrumb":{"@id":"https:\/\/www.emilianobodega.com\/en\/our-commitment-to-diversity-and-inclusion\/#breadcrumb"},"inLanguage":"en-US","potentialAction":[{"@type":"ReadAction","target":["https:\/\/www.emilianobodega.com\/en\/our-commitment-to-diversity-and-inclusion\/"]}]},{"@type":"BreadcrumbList","@id":"https:\/\/www.emilianobodega.com\/en\/our-commitment-to-diversity-and-inclusion\/#breadcrumb","itemListElement":[{"@type":"ListItem","position":1,"name":"Home","item":"https:\/\/www.emilianobodega.com\/en\/"},{"@type":"ListItem","position":2,"name":"Our commitment to diversity and inclusi\u00f3n"}]},{"@type":"WebSite","@id":"https:\/\/www.emilianobodega.com\/en\/#website","url":"https:\/\/www.emilianobodega.com\/en\/","name":"Casa Monta\u00f1a","description":"Emiliano Bodega Casa Monta\u00f1a en Valencia","potentialAction":[{"@type":"SearchAction","target":{"@type":"EntryPoint","urlTemplate":"https:\/\/www.emilianobodega.com\/en\/?s={search_term_string}"},"query-input":{"@type":"PropertyValueSpecification","valueRequired":true,"valueName":"search_term_string"}}],"inLanguage":"en-US"}]}},"_links":{"self":[{"href":"https:\/\/www.emilianobodega.com\/en\/wp-json\/wp\/v2\/pages\/20740","targetHints":{"allow":["GET"]}}],"collection":[{"href":"https:\/\/www.emilianobodega.com\/en\/wp-json\/wp\/v2\/pages"}],"about":[{"href":"https:\/\/www.emilianobodega.com\/en\/wp-json\/wp\/v2\/types\/page"}],"author":[{"embeddable":true,"href":"https:\/\/www.emilianobodega.com\/en\/wp-json\/wp\/v2\/users\/36802"}],"replies":[{"embeddable":true,"href":"https:\/\/www.emilianobodega.com\/en\/wp-json\/wp\/v2\/comments?post=20740"}],"version-history":[{"count":5,"href":"https:\/\/www.emilianobodega.com\/en\/wp-json\/wp\/v2\/pages\/20740\/revisions"}],"predecessor-version":[{"id":20788,"href":"https:\/\/www.emilianobodega.com\/en\/wp-json\/wp\/v2\/pages\/20740\/revisions\/20788"}],"wp:attachment":[{"href":"https:\/\/www.emilianobodega.com\/en\/wp-json\/wp\/v2\/media?parent=20740"}],"curies":[{"name":"wp","href":"https:\/\/api.w.org\/{rel}","templated":true}]}}